{"id":340,"date":"2024-11-19T21:55:48","date_gmt":"2024-11-19T21:55:48","guid":{"rendered":"https:\/\/guetiseel.ch\/Test\/?page_id=340"},"modified":"2024-11-22T15:39:07","modified_gmt":"2024-11-22T15:39:07","slug":"aetherische-oele","status":"publish","type":"page","link":"https:\/\/guetiseel.ch\/index.php\/aetherische-oele\/","title":{"rendered":"\u00c4therische \u00d6le"},"content":{"rendered":"\t\t<div data-elementor-type=\"wp-page\" data-elementor-id=\"340\" class=\"elementor elementor-340\" data-elementor-post-type=\"page\">\n\t\t\t\t<div class=\"elementor-element elementor-element-2b90e7fd e-con-full e-flex e-con e-parent\" data-id=\"2b90e7fd\" data-element_type=\"container\" data-e-type=\"container\" data-settings=\"{&quot;background_background&quot;:&quot;classic&quot;}\">\n\t\t<div class=\"elementor-element elementor-element-4f1b4f63 e-con-full e-flex e-con e-child\" data-id=\"4f1b4f63\" data-element_type=\"container\" data-e-type=\"container\" data-settings=\"{&quot;background_background&quot;:&quot;classic&quot;}\">\n\t\t<div class=\"elementor-element elementor-element-6a84861b e-con-full e-flex e-con e-child\" data-id=\"6a84861b\" data-element_type=\"container\" data-e-type=\"container\">\n\t\t\t\t<div class=\"elementor-element elementor-element-719dd688 elementor-widget elementor-widget-theme-site-logo elementor-widget-image\" data-id=\"719dd688\" data-element_type=\"widget\" data-e-type=\"widget\" data-widget_type=\"theme-site-logo.default\">\n\t\t\t\t<div class=\"elementor-widget-container\">\n\t\t\t\t\t\t\t\t\t\t\t<a href=\"https:\/\/guetiseel.ch\">\n\t\t\t<img fetchpriority=\"high\" decoding=\"async\" width=\"720\" height=\"720\" src=\"https:\/\/guetiseel.ch\/wp-content\/uploads\/2024\/11\/Logo_Stempel_75_SW.webp\" class=\"attachment-full size-full wp-image-377\" alt=\"guetiSeel Logo\" srcset=\"https:\/\/guetiseel.ch\/wp-content\/uploads\/2024\/11\/Logo_Stempel_75_SW.webp 720w, https:\/\/guetiseel.ch\/wp-content\/uploads\/2024\/11\/Logo_Stempel_75_SW-300x300.webp 300w, https:\/\/guetiseel.ch\/wp-content\/uploads\/2024\/11\/Logo_Stempel_75_SW-150x150.webp 150w\" sizes=\"(max-width: 720px) 100vw, 720px\" \/>\t\t\t\t<\/a>\n\t\t\t\t\t\t\t\t\t\t\t<\/div>\n\t\t\t\t<\/div>\n\t\t\t\t<\/div>\n\t\t<div class=\"elementor-element elementor-element-3683d3f0 e-con-full e-flex e-con e-child\" data-id=\"3683d3f0\" data-element_type=\"container\" data-e-type=\"container\">\n\t\t\t\t<div class=\"elementor-element elementor-element-1eab8023 elementor-widget__width-auto elementor-nav-menu__text-align-aside elementor-nav-menu--toggle elementor-nav-menu--burger elementor-widget elementor-widget-nav-menu\" data-id=\"1eab8023\" data-element_type=\"widget\" data-e-type=\"widget\" data-settings=\"{&quot;layout&quot;:&quot;dropdown&quot;,&quot;submenu_icon&quot;:{&quot;value&quot;:&quot;&lt;svg aria-hidden=\\&quot;true\\&quot; class=\\&quot;e-font-icon-svg e-fas-caret-down\\&quot; viewBox=\\&quot;0 0 320 512\\&quot; xmlns=\\&quot;http:\\\/\\\/www.w3.org\\\/2000\\\/svg\\&quot;&gt;&lt;path d=\\&quot;M31.3 192h257.3c17.8 0 26.7 21.5 14.1 34.1L174.1 354.8c-7.8 7.8-20.5 7.8-28.3 0L17.2 226.1C4.6 213.5 13.5 192 31.3 192z\\&quot;&gt;&lt;\\\/path&gt;&lt;\\\/svg&gt;&quot;,&quot;library&quot;:&quot;fa-solid&quot;},&quot;toggle&quot;:&quot;burger&quot;}\" data-widget_type=\"nav-menu.default\">\n\t\t\t\t<div class=\"elementor-widget-container\">\n\t\t\t\t\t\t\t<div class=\"elementor-menu-toggle\" role=\"button\" tabindex=\"0\" aria-label=\"Men\u00fc Umschalter\" aria-expanded=\"false\">\n\t\t\t<svg aria-hidden=\"true\" role=\"presentation\" class=\"elementor-menu-toggle__icon--open e-font-icon-svg e-eicon-menu-bar\" viewBox=\"0 0 1000 1000\" xmlns=\"http:\/\/www.w3.org\/2000\/svg\"><path d=\"M104 333H896C929 333 958 304 958 271S929 208 896 208H104C71 208 42 237 42 271S71 333 104 333ZM104 583H896C929 583 958 554 958 521S929 458 896 458H104C71 458 42 487 42 521S71 583 104 583ZM104 833H896C929 833 958 804 958 771S929 708 896 708H104C71 708 42 737 42 771S71 833 104 833Z\"><\/path><\/svg><svg aria-hidden=\"true\" role=\"presentation\" class=\"elementor-menu-toggle__icon--close e-font-icon-svg e-eicon-close\" viewBox=\"0 0 1000 1000\" xmlns=\"http:\/\/www.w3.org\/2000\/svg\"><path d=\"M742 167L500 408 258 167C246 154 233 150 217 150 196 150 179 158 167 167 154 179 150 196 150 212 150 229 154 242 171 254L408 500 167 742C138 771 138 800 167 829 196 858 225 858 254 829L496 587 738 829C750 842 767 846 783 846 800 846 817 842 829 829 842 817 846 804 846 783 846 767 842 750 829 737L588 500 833 258C863 229 863 200 833 171 804 137 775 137 742 167Z\"><\/path><\/svg>\t\t<\/div>\n\t\t\t\t\t<nav class=\"elementor-nav-menu--dropdown elementor-nav-menu__container\" aria-hidden=\"true\">\n\t\t\t\t<ul id=\"menu-2-1eab8023\" class=\"elementor-nav-menu\"><li class=\"menu-item menu-item-type-post_type menu-item-object-page menu-item-home menu-item-130\"><a href=\"https:\/\/guetiseel.ch\/\" class=\"elementor-item\" tabindex=\"-1\">Startseite<\/a><\/li>\n<li class=\"menu-item menu-item-type-post_type menu-item-object-page menu-item-131\"><a href=\"https:\/\/guetiseel.ch\/index.php\/handgemachtes\/\" class=\"elementor-item\" tabindex=\"-1\">Handgemachtes<\/a><\/li>\n<li class=\"menu-item menu-item-type-post_type menu-item-object-page menu-item-674\"><a href=\"https:\/\/guetiseel.ch\/index.php\/fotografie\/\" class=\"elementor-item\" tabindex=\"-1\">Fotografie<\/a><\/li>\n<li class=\"menu-item menu-item-type-post_type menu-item-object-page menu-item-415\"><a href=\"https:\/\/guetiseel.ch\/index.php\/mediale-begleitung\/\" class=\"elementor-item\" tabindex=\"-1\">Mediale Begleitung<\/a><\/li>\n<li class=\"menu-item menu-item-type-post_type menu-item-object-page menu-item-416\"><a href=\"https:\/\/guetiseel.ch\/index.php\/aetherische-oele\/\" class=\"elementor-item\" tabindex=\"-1\">\u00c4therische \u00d6le<\/a><\/li>\n<li class=\"menu-item menu-item-type-post_type menu-item-object-page menu-item-720\"><a href=\"https:\/\/guetiseel.ch\/index.php\/videochat\/\" class=\"elementor-item\" tabindex=\"-1\">Privat<\/a><\/li>\n<\/ul>\t\t\t<\/nav>\n\t\t\t\t\t\t<\/div>\n\t\t\t\t<\/div>\n\t\t<div class=\"elementor-element elementor-element-4e4ee7a4 e-con-full e-flex e-con e-child\" data-id=\"4e4ee7a4\" data-element_type=\"container\" data-e-type=\"container\">\n\t\t\t\t<\/div>\n\t\t\t\t<\/div>\n\t\t\t\t<\/div>\n\t\t\t\t<\/div>\n\t\t<div class=\"elementor-element elementor-element-758804a4 e-flex e-con-boxed e-con e-parent\" data-id=\"758804a4\" data-element_type=\"container\" data-e-type=\"container\">\n\t\t\t\t\t<div class=\"e-con-inner\">\n\t\t<div class=\"elementor-element elementor-element-2de357bc e-con-full elementor-hidden-mobile e-flex e-con e-child\" data-id=\"2de357bc\" data-element_type=\"container\" data-e-type=\"container\">\n\t\t\t\t<div class=\"elementor-element elementor-element-fd24205 elementor-widget elementor-widget-heading\" data-id=\"fd24205\" data-element_type=\"widget\" data-e-type=\"widget\" data-widget_type=\"heading.default\">\n\t\t\t\t<div class=\"elementor-widget-container\">\n\t\t\t\t\t<h2 class=\"elementor-heading-title elementor-size-default\">Unabh\u00e4ngige Wellness-Botschafterin<\/h2>\t\t\t\t<\/div>\n\t\t\t\t<\/div>\n\t\t\t\t<div class=\"elementor-element elementor-element-70186222 elementor-widget elementor-widget-text-editor\" data-id=\"70186222\" data-element_type=\"widget\" data-e-type=\"widget\" data-widget_type=\"text-editor.default\">\n\t\t\t\t<div class=\"elementor-widget-container\">\n\t\t\t\t\t\t\t\t\t<p>Als unabh\u00e4ngige Wellness-Botschafterin von d\u014dTERRA ist es meine Ambition, Menschen dabei zu unterst\u00fctzen, ein bewussteres und ges\u00fcnderes Leben zu f\u00fchren \u2013 mit der Kraft \u00e4therischer \u00d6le. d\u014dTERRA steht f\u00fcr reine, qualitativ hochwertige \u00d6le, die nicht nur dein Wohlbefinden f\u00f6rdern, sondern auch deinen Alltag bereichern k\u00f6nnen.<\/p><p>Ich berate dich pers\u00f6nlich, welche \u00e4therischen \u00d6le und Produkte am besten zu deinen individuellen Bed\u00fcrfnissen passen \u2013 sei es f\u00fcr mehr Entspannung, Energie oder ein gest\u00e4rktes Immunsystem. Mit meinen Tipps und meinem Wissen helfe ich dir, die Welt der \u00e4therischen \u00d6le zu entdecken und sie ganz einfach in deinen Alltag zu integrieren.<\/p><p>Neben der pers\u00f6nlichen Beratung biete ich dir auch die M\u00f6glichkeit, d\u014dTERRA-Produkte selbst kennenzulernen und ihre Wirkung zu erleben \u2013 ob bei einer individuellen Beratung, einem Workshop oder einer AromaTouch-Anwendung. Gemeinsam finden wir die richtigen Produkte, die dein Leben bereichern und dich in deinem Wohlbefinden unterst\u00fctzen.<\/p><p>Lass dich von der nat\u00fcrlichen Kraft \u00e4therischer \u00d6le begeistern und erfahre, wie d\u014dTERRA dir dabei helfen kann, ein Leben im Einklang mit K\u00f6rper, Geist und Seele zu f\u00fchren. Ich freue mich darauf, dich auf deinem Weg zu mehr Wohlbefinden zu begleiten!<\/p>\t\t\t\t\t\t\t\t<\/div>\n\t\t\t\t<\/div>\n\t\t\t\t<div class=\"elementor-element elementor-element-09b599a elementor-align-right elementor-widget elementor-widget-button\" data-id=\"09b599a\" data-element_type=\"widget\" data-e-type=\"widget\" data-widget_type=\"button.default\">\n\t\t\t\t<div class=\"elementor-widget-container\">\n\t\t\t\t\t\t\t\t\t<div class=\"elementor-button-wrapper\">\n\t\t\t\t\t<a class=\"elementor-button elementor-button-link elementor-size-sm\" href=\"http:\/\/beta-doterra.myvoffice.com\/tamaragraber\/#\/\" target=\"_blank\">\n\t\t\t\t\t\t<span class=\"elementor-button-content-wrapper\">\n\t\t\t\t\t\t\t\t\t<span class=\"elementor-button-text\">Weitere Infos<\/span>\n\t\t\t\t\t<\/span>\n\t\t\t\t\t<\/a>\n\t\t\t\t<\/div>\n\t\t\t\t\t\t\t\t<\/div>\n\t\t\t\t<\/div>\n\t\t\t\t<\/div>\n\t\t<div class=\"elementor-element elementor-element-a8911b1 e-con-full elementor-hidden-desktop elementor-hidden-tablet e-flex e-con e-child\" data-id=\"a8911b1\" data-element_type=\"container\" data-e-type=\"container\">\n\t\t\t\t<div class=\"elementor-element elementor-element-9b75093 elementor-widget elementor-widget-heading\" data-id=\"9b75093\" data-element_type=\"widget\" data-e-type=\"widget\" data-widget_type=\"heading.default\">\n\t\t\t\t<div class=\"elementor-widget-container\">\n\t\t\t\t\t<h2 class=\"elementor-heading-title elementor-size-default\">Unabh\u00e4ngige Wellness-Botschafterin<\/h2>\t\t\t\t<\/div>\n\t\t\t\t<\/div>\n\t\t\t\t<div class=\"elementor-element elementor-element-6faa5eb elementor-widget elementor-widget-image\" data-id=\"6faa5eb\" data-element_type=\"widget\" data-e-type=\"widget\" data-widget_type=\"image.default\">\n\t\t\t\t<div class=\"elementor-widget-container\">\n\t\t\t\t\t\t\t\t\t\t\t\t\t\t\t<img decoding=\"async\" width=\"800\" height=\"457\" src=\"https:\/\/guetiseel.ch\/wp-content\/uploads\/2024\/11\/A_relaxed_and_inviting_scene_featuring_a_casually_-1024x585.webp\" class=\"attachment-large size-large wp-image-431\" alt=\"\" srcset=\"https:\/\/guetiseel.ch\/wp-content\/uploads\/2024\/11\/A_relaxed_and_inviting_scene_featuring_a_casually_-1024x585.webp 1024w, https:\/\/guetiseel.ch\/wp-content\/uploads\/2024\/11\/A_relaxed_and_inviting_scene_featuring_a_casually_-300x171.webp 300w, https:\/\/guetiseel.ch\/wp-content\/uploads\/2024\/11\/A_relaxed_and_inviting_scene_featuring_a_casually_-768x439.webp 768w, https:\/\/guetiseel.ch\/wp-content\/uploads\/2024\/11\/A_relaxed_and_inviting_scene_featuring_a_casually_-1536x878.webp 1536w, https:\/\/guetiseel.ch\/wp-content\/uploads\/2024\/11\/A_relaxed_and_inviting_scene_featuring_a_casually_.webp 1792w\" sizes=\"(max-width: 800px) 100vw, 800px\" \/>\t\t\t\t\t\t\t\t\t\t\t\t\t\t\t<\/div>\n\t\t\t\t<\/div>\n\t\t\t\t<div class=\"elementor-element elementor-element-805c7ee elementor-widget elementor-widget-n-accordion\" data-id=\"805c7ee\" data-element_type=\"widget\" data-e-type=\"widget\" data-settings=\"{&quot;default_state&quot;:&quot;all_collapsed&quot;,&quot;max_items_expended&quot;:&quot;one&quot;,&quot;n_accordion_animation_duration&quot;:{&quot;unit&quot;:&quot;ms&quot;,&quot;size&quot;:400,&quot;sizes&quot;:[]}}\" data-widget_type=\"nested-accordion.default\">\n\t\t\t\t<div class=\"elementor-widget-container\">\n\t\t\t\t\t\t\t<div class=\"e-n-accordion\" aria-label=\"Accordion. Open links with Enter or Space, close with Escape, and navigate with Arrow Keys\">\n\t\t\t\t\t\t<details id=\"e-n-accordion-item-1340\" class=\"e-n-accordion-item\" >\n\t\t\t\t<summary class=\"e-n-accordion-item-title\" data-accordion-index=\"1\" tabindex=\"0\" aria-expanded=\"false\" aria-controls=\"e-n-accordion-item-1340\" >\n\t\t\t\t\t<span class='e-n-accordion-item-title-header'><div class=\"e-n-accordion-item-title-text\"> Als unabh\u00e4ngige Wellness-Botschafterin von d\u014dTERRA ist es meine Ambition, Menschen dabei zu unterst\u00fctzen, ein bewussteres und ges\u00fcnderes Leben zu f\u00fchren \u2013 mit der Kraft \u00e4therischer \u00d6le. d\u014dTERRA steht f\u00fcr reine, qualitativ hochwertige \u00d6le, die nicht nur dein Wohlbefinden... <\/div><\/span>\n\t\t\t\t\t\t\t\t\t<\/summary>\n\t\t\t\t<div role=\"region\" aria-labelledby=\"e-n-accordion-item-1340\" class=\"elementor-element elementor-element-e4e9337 e-con-full e-flex e-con e-child\" data-id=\"e4e9337\" data-element_type=\"container\" data-e-type=\"container\">\n\t\t\t\t<div class=\"elementor-element elementor-element-463ae64 elementor-widget elementor-widget-text-editor\" data-id=\"463ae64\" data-element_type=\"widget\" data-e-type=\"widget\" data-widget_type=\"text-editor.default\">\n\t\t\t\t<div class=\"elementor-widget-container\">\n\t\t\t\t\t\t\t\t\t<p>&#8230;f\u00f6rdern, sondern auch deinen Alltag bereichern k\u00f6nnen.<\/p><p>Ich berate dich pers\u00f6nlich, welche \u00e4therischen \u00d6le und Produkte am besten zu deinen individuellen Bed\u00fcrfnissen passen \u2013 sei es f\u00fcr mehr Entspannung, Energie oder ein gest\u00e4rktes Immunsystem. Mit meinen Tipps und meinem Wissen helfe ich dir, die Welt der \u00e4therischen \u00d6le zu entdecken und sie ganz einfach in deinen Alltag zu integrieren.<\/p><p>Neben der pers\u00f6nlichen Beratung biete ich dir auch die M\u00f6glichkeit, d\u014dTERRA-Produkte selbst kennenzulernen und ihre Wirkung zu erleben \u2013 ob bei einer individuellen Beratung, einem Workshop oder einer AromaTouch-Anwendung. Gemeinsam finden wir die richtigen Produkte, die dein Leben bereichern und dich in deinem Wohlbefinden unterst\u00fctzen.<\/p><p>Lass dich von der nat\u00fcrlichen Kraft \u00e4therischer \u00d6le begeistern und erfahre, wie d\u014dTERRA dir dabei helfen kann, ein Leben im Einklang mit K\u00f6rper, Geist und Seele zu f\u00fchren. Ich freue mich darauf, dich auf deinem Weg zu mehr Wohlbefinden zu begleiten!<\/p>\t\t\t\t\t\t\t\t<\/div>\n\t\t\t\t<\/div>\n\t\t\t\t<div class=\"elementor-element elementor-element-6cdc49d elementor-align-right elementor-widget elementor-widget-button\" data-id=\"6cdc49d\" data-element_type=\"widget\" data-e-type=\"widget\" data-widget_type=\"button.default\">\n\t\t\t\t<div class=\"elementor-widget-container\">\n\t\t\t\t\t\t\t\t\t<div class=\"elementor-button-wrapper\">\n\t\t\t\t\t<a class=\"elementor-button elementor-button-link elementor-size-sm\" href=\"http:\/\/beta-doterra.myvoffice.com\/tamaragraber\/#\/\" target=\"_blank\">\n\t\t\t\t\t\t<span class=\"elementor-button-content-wrapper\">\n\t\t\t\t\t\t\t\t\t<span class=\"elementor-button-text\">Weitere Infos<\/span>\n\t\t\t\t\t<\/span>\n\t\t\t\t\t<\/a>\n\t\t\t\t<\/div>\n\t\t\t\t\t\t\t\t<\/div>\n\t\t\t\t<\/div>\n\t\t\t\t<\/div>\n\t\t\t\t\t<\/details>\n\t\t\t\t\t<\/div>\n\t\t\t\t\t\t<\/div>\n\t\t\t\t<\/div>\n\t\t\t\t<\/div>\n\t\t<div class=\"elementor-element elementor-element-7cbd90ac e-con-full elementor-hidden-mobile e-flex e-con e-child\" data-id=\"7cbd90ac\" data-element_type=\"container\" data-e-type=\"container\" data-settings=\"{&quot;background_background&quot;:&quot;classic&quot;}\">\n\t\t\t\t<\/div>\n\t\t\t\t\t<\/div>\n\t\t\t\t<\/div>\n\t\t<div class=\"elementor-element elementor-element-60076c97 e-flex e-con-boxed e-con e-parent\" data-id=\"60076c97\" data-element_type=\"container\" data-e-type=\"container\">\n\t\t\t\t\t<div class=\"e-con-inner\">\n\t\t<div class=\"elementor-element elementor-element-169d4a9c e-con-full elementor-hidden-mobile e-flex e-con e-child\" data-id=\"169d4a9c\" data-element_type=\"container\" data-e-type=\"container\" data-settings=\"{&quot;background_background&quot;:&quot;classic&quot;}\">\n\t\t<div class=\"elementor-element elementor-element-2a7e3bb5 e-con-full e-flex e-con e-child\" data-id=\"2a7e3bb5\" data-element_type=\"container\" data-e-type=\"container\" data-settings=\"{&quot;background_background&quot;:&quot;classic&quot;}\">\n\t\t\t\t<\/div>\n\t\t\t\t<\/div>\n\t\t<div class=\"elementor-element elementor-element-682eac7 e-con-full elementor-hidden-desktop elementor-hidden-tablet e-flex e-con e-child\" data-id=\"682eac7\" data-element_type=\"container\" data-e-type=\"container\">\n\t\t\t\t<div class=\"elementor-element elementor-element-bedb53a elementor-widget elementor-widget-heading\" data-id=\"bedb53a\" data-element_type=\"widget\" data-e-type=\"widget\" data-widget_type=\"heading.default\">\n\t\t\t\t<div class=\"elementor-widget-container\">\n\t\t\t\t\t<h2 class=\"elementor-heading-title elementor-size-default\">AromaTouch Technique\n<\/h2>\t\t\t\t<\/div>\n\t\t\t\t<\/div>\n\t\t\t\t<div class=\"elementor-element elementor-element-02f8ffa elementor-widget elementor-widget-image\" data-id=\"02f8ffa\" data-element_type=\"widget\" data-e-type=\"widget\" data-widget_type=\"image.default\">\n\t\t\t\t<div class=\"elementor-widget-container\">\n\t\t\t\t\t\t\t\t\t\t\t\t\t\t\t<img decoding=\"async\" width=\"495\" height=\"528\" src=\"https:\/\/guetiseel.ch\/wp-content\/uploads\/2024\/11\/Aromatouch-KI.webp\" class=\"attachment-large size-large wp-image-110\" alt=\"\" srcset=\"https:\/\/guetiseel.ch\/wp-content\/uploads\/2024\/11\/Aromatouch-KI.webp 495w, https:\/\/guetiseel.ch\/wp-content\/uploads\/2024\/11\/Aromatouch-KI-281x300.webp 281w\" sizes=\"(max-width: 495px) 100vw, 495px\" \/>\t\t\t\t\t\t\t\t\t\t\t\t\t\t\t<\/div>\n\t\t\t\t<\/div>\n\t\t\t\t<div class=\"elementor-element elementor-element-b9bcc42 elementor-widget elementor-widget-n-accordion\" data-id=\"b9bcc42\" data-element_type=\"widget\" data-e-type=\"widget\" data-settings=\"{&quot;default_state&quot;:&quot;all_collapsed&quot;,&quot;max_items_expended&quot;:&quot;one&quot;,&quot;n_accordion_animation_duration&quot;:{&quot;unit&quot;:&quot;ms&quot;,&quot;size&quot;:400,&quot;sizes&quot;:[]}}\" data-widget_type=\"nested-accordion.default\">\n\t\t\t\t<div class=\"elementor-widget-container\">\n\t\t\t\t\t\t\t<div class=\"e-n-accordion\" aria-label=\"Accordion. Open links with Enter or Space, close with Escape, and navigate with Arrow Keys\">\n\t\t\t\t\t\t<details id=\"e-n-accordion-item-1940\" class=\"e-n-accordion-item\" >\n\t\t\t\t<summary class=\"e-n-accordion-item-title\" data-accordion-index=\"1\" tabindex=\"0\" aria-expanded=\"false\" aria-controls=\"e-n-accordion-item-1940\" >\n\t\t\t\t\t<span class='e-n-accordion-item-title-header'><div class=\"e-n-accordion-item-title-text\"> Die AromaTouch Technique ist eine wohltuende Anwendung, die speziell entwickelt wurde, um K\u00f6rper, Geist und Seele in Einklang zu bringen. Mit sanften Ber\u00fchrungen entlang der Energiepunkte des R\u00fcckens, des Nackens und der F\u00fc\u00dfe werden hochwertige \u00e4therische \u00d6le von d\u014dTERRA gezielt aufgetragen. Diese \u00d6le unterst\u00fctzen... <\/div><\/span>\n\t\t\t\t\t\t\t\t\t<\/summary>\n\t\t\t\t<div role=\"region\" aria-labelledby=\"e-n-accordion-item-1940\" class=\"elementor-element elementor-element-c5017a2 e-con-full e-flex e-con e-child\" data-id=\"c5017a2\" data-element_type=\"container\" data-e-type=\"container\">\n\t\t\t\t<div class=\"elementor-element elementor-element-ccea8b6 elementor-widget elementor-widget-text-editor\" data-id=\"ccea8b6\" data-element_type=\"widget\" data-e-type=\"widget\" data-widget_type=\"text-editor.default\">\n\t\t\t\t<div class=\"elementor-widget-container\">\n\t\t\t\t\t\t\t\t\t<p>&#8230;dein Wohlbefinden auf physischer und emotionaler Ebene.<\/p><p>Jede Anwendung folgt einer bew\u00e4hrten Methode, die Stress reduziert, das Immunsystem st\u00e4rkt, die Entgiftung f\u00f6rdert und die nat\u00fcrliche Balance des K\u00f6rpers wiederherstellt. Die acht sorgf\u00e4ltig ausgew\u00e4hlten \u00e4therischen \u00d6le und \u00d6lmischungen wirken harmonisch zusammen und helfen, Spannungen zu l\u00f6sen, die Durchblutung zu f\u00f6rdern und ein tiefes Gef\u00fchl der Entspannung zu erzeugen.<\/p><p>Ob als Auszeit vom Alltag, zur Unterst\u00fctzung deines Immunsystems oder als wohltuendes Ritual f\u00fcr mehr Balance \u2013 die AromaTouch Technique bietet dir eine sanfte und effektive M\u00f6glichkeit, dein Wohlbefinden zu steigern. Genie\u00dfe die beruhigende Wirkung der \u00d6le und die entspannenden Ber\u00fchrungen in einer ruhigen und einladenden Atmosph\u00e4re.<\/p><p>Ich lade dich ein, die Kraft der \u00e4therischen \u00d6le und die Magie dieser Anwendung selbst zu erleben. G\u00f6nn dir eine Auszeit f\u00fcr dich und lass dich von der AromaTouch Technique verw\u00f6hnen.<\/p>\t\t\t\t\t\t\t\t<\/div>\n\t\t\t\t<\/div>\n\t\t\t\t<\/div>\n\t\t\t\t\t<\/details>\n\t\t\t\t\t<\/div>\n\t\t\t\t\t\t<\/div>\n\t\t\t\t<\/div>\n\t\t\t\t<\/div>\n\t\t<div class=\"elementor-element elementor-element-6669e958 e-con-full elementor-hidden-mobile e-flex e-con e-child\" data-id=\"6669e958\" data-element_type=\"container\" data-e-type=\"container\">\n\t\t\t\t<div class=\"elementor-element elementor-element-132c59da elementor-widget elementor-widget-heading\" data-id=\"132c59da\" data-element_type=\"widget\" data-e-type=\"widget\" data-widget_type=\"heading.default\">\n\t\t\t\t<div class=\"elementor-widget-container\">\n\t\t\t\t\t<h2 class=\"elementor-heading-title elementor-size-default\">AromaTouch Technique\n<\/h2>\t\t\t\t<\/div>\n\t\t\t\t<\/div>\n\t\t\t\t<div class=\"elementor-element elementor-element-4d26dfbc elementor-widget elementor-widget-text-editor\" data-id=\"4d26dfbc\" data-element_type=\"widget\" data-e-type=\"widget\" data-widget_type=\"text-editor.default\">\n\t\t\t\t<div class=\"elementor-widget-container\">\n\t\t\t\t\t\t\t\t\t<p>Die AromaTouch Technique ist eine wohltuende Anwendung, die speziell entwickelt wurde, um K\u00f6rper, Geist und Seele in Einklang zu bringen. Mit sanften Ber\u00fchrungen entlang der Energiepunkte des R\u00fcckens, des Nackens und der F\u00fc\u00dfe werden hochwertige \u00e4therische \u00d6le von d\u014dTERRA gezielt aufgetragen. Diese \u00d6le unterst\u00fctzen dein Wohlbefinden auf physischer und emotionaler Ebene.<\/p><p>Jede Anwendung folgt einer bew\u00e4hrten Methode, die Stress reduziert, das Immunsystem st\u00e4rkt, die Entgiftung f\u00f6rdert und die nat\u00fcrliche Balance des K\u00f6rpers wiederherstellt. Die acht sorgf\u00e4ltig ausgew\u00e4hlten \u00e4therischen \u00d6le und \u00d6lmischungen wirken harmonisch zusammen und helfen, Spannungen zu l\u00f6sen, die Durchblutung zu f\u00f6rdern und ein tiefes Gef\u00fchl der Entspannung zu erzeugen.<\/p><p>Ob als Auszeit vom Alltag, zur Unterst\u00fctzung deines Immunsystems oder als wohltuendes Ritual f\u00fcr mehr Balance \u2013 die AromaTouch Technique bietet dir eine sanfte und effektive M\u00f6glichkeit, dein Wohlbefinden zu steigern. Genie\u00dfe die beruhigende Wirkung der \u00d6le und die entspannenden Ber\u00fchrungen in einer ruhigen und einladenden Atmosph\u00e4re.<\/p><p>Ich lade dich ein, die Kraft der \u00e4therischen \u00d6le und die Magie dieser Anwendung selbst zu erleben. G\u00f6nn dir eine Auszeit f\u00fcr dich und lass dich von der AromaTouch Technique verw\u00f6hnen.<\/p>\t\t\t\t\t\t\t\t<\/div>\n\t\t\t\t<\/div>\n\t\t\t\t<\/div>\n\t\t\t\t\t<\/div>\n\t\t\t\t<\/div>\n\t\t<div class=\"elementor-element elementor-element-2e607bf5 e-flex e-con-boxed e-con e-parent\" data-id=\"2e607bf5\" data-element_type=\"container\" data-e-type=\"container\">\n\t\t\t\t\t<div class=\"e-con-inner\">\n\t\t\t\t<div class=\"elementor-element elementor-element-eed3961 elementor-arrows-yes elementor-pagination-type-bullets elementor--star-style-star_fontawesome elementor-widget elementor-widget-reviews\" data-id=\"eed3961\" data-element_type=\"widget\" data-e-type=\"widget\" data-settings=\"{&quot;autoplay_speed&quot;:15000,&quot;show_arrows&quot;:&quot;yes&quot;,&quot;pagination&quot;:&quot;bullets&quot;,&quot;speed&quot;:500,&quot;autoplay&quot;:&quot;yes&quot;,&quot;loop&quot;:&quot;yes&quot;,&quot;pause_on_hover&quot;:&quot;yes&quot;,&quot;pause_on_interaction&quot;:&quot;yes&quot;,&quot;space_between&quot;:{&quot;unit&quot;:&quot;px&quot;,&quot;size&quot;:10,&quot;sizes&quot;:[]},&quot;space_between_tablet&quot;:{&quot;unit&quot;:&quot;px&quot;,&quot;size&quot;:10,&quot;sizes&quot;:[]},&quot;space_between_mobile&quot;:{&quot;unit&quot;:&quot;px&quot;,&quot;size&quot;:10,&quot;sizes&quot;:[]}}\" data-widget_type=\"reviews.default\">\n\t\t\t\t<div class=\"elementor-widget-container\">\n\t\t\t\t\t\t\t\t\t<div class=\"elementor-swiper\">\n\t\t\t\t\t<div class=\"elementor-main-swiper swiper\" role=\"region\" aria-roledescription=\"carousel\" aria-label=\"Slider\">\n\t\t\t\t<div class=\"swiper-wrapper\">\n\t\t\t\t\t\t\t\t\t\t\t<div class=\"swiper-slide\" role=\"group\" aria-roledescription=\"slide\">\n\t\t\t\t\t\t\t\t\t<div class=\"elementor-testimonial elementor-repeater-item-56b93fe\">\n\t\t\t\t\t\t\t<div class=\"elementor-testimonial__header\">\n\t\t\t\t\t\t\t\t\t\t<cite class=\"elementor-testimonial__cite\"><span class=\"elementor-testimonial__name\">A.G.<\/span><span class=\"elementor-testimonial__title\">Beinwil (Freiamt)<\/span><\/cite>\t\t\t\t\t<div class=\"elementor-testimonial__icon elementor-icon elementor-icon-\" aria-label=\"Weiterlesen\"><\/div>\t\t\t\t<\/div>\n\t\t\t\t\t\t\t\t\t\t<div class=\"elementor-testimonial__content\">\n\t\t\t\t\t<div class=\"elementor-testimonial__text\">\n\t\t\t\t\t\t\"Die AromaTouch-Anwendung war eine wunderbare Erfahrung, die mich tief entspannt hat. Die harmonische Atmosph\u00e4re und die sorgf\u00e4ltige Auswahl der \u00e4therischen \u00d6le haben mir unglaublich gutgetan. Ich f\u00fchlte mich sofort wohl und sp\u00fcrte, wie mein K\u00f6rper und Geist zur Ruhe kamen. Herzlichen Dank f\u00fcr diese wohltuende und professionelle Behandlung \u2013 ich komme gerne wieder!\"\t\t\t\t\t<\/div>\n\t\t\t\t<\/div>\n\t\t\t\t\t<\/div>\n\t\t\t\t\t\t\t\t<\/div>\n\t\t\t\t\t\t\t\t\t\t\t<div class=\"swiper-slide\" role=\"group\" aria-roledescription=\"slide\">\n\t\t\t\t\t\t\t\t\t<div class=\"elementor-testimonial elementor-repeater-item-cedbe4d\">\n\t\t\t\t\t\t\t<div class=\"elementor-testimonial__header\">\n\t\t\t\t\t\t\t\t\t\t<cite class=\"elementor-testimonial__cite\"><span class=\"elementor-testimonial__name\">K.A.<\/span><span class=\"elementor-testimonial__title\">Beinwil (Freiamt)<\/span><\/cite>\t\t\t\t\t<div class=\"elementor-testimonial__icon elementor-icon elementor-icon-\" aria-label=\"Weiterlesen\"><\/div>\t\t\t\t<\/div>\n\t\t\t\t\t\t\t\t\t\t<div class=\"elementor-testimonial__content\">\n\t\t\t\t\t<div class=\"elementor-testimonial__text\">\n\t\t\t\t\t\tS gf\u00fchl vo wieder meh geerdet sii und die inneri Rueh haltet ah.\nDu hesch magische H\u00e4nd \u2014\u2014 definitiv. \ud83d\udcab \ud83d\ude18\ud83d\ude18 \t\t\t\t\t<\/div>\n\t\t\t\t<\/div>\n\t\t\t\t\t<\/div>\n\t\t\t\t\t\t\t\t<\/div>\n\t\t\t\t\t\t\t\t\t<\/div>\n\t\t\t\t\t\t\t\t\t\t\t\t\t\t\t<div class=\"elementor-swiper-button elementor-swiper-button-prev\" role=\"button\" tabindex=\"0\" aria-label=\"Voriger\">\n\t\t\t\t\t\t\t<svg aria-hidden=\"true\" class=\"e-font-icon-svg e-eicon-chevron-left\" viewBox=\"0 0 1000 1000\" xmlns=\"http:\/\/www.w3.org\/2000\/svg\"><path d=\"M646 125C629 125 613 133 604 142L308 442C296 454 292 471 292 487 292 504 296 521 308 533L604 854C617 867 629 875 646 875 663 875 679 871 692 858 704 846 713 829 713 812 713 796 708 779 692 767L438 487 692 225C700 217 708 204 708 187 708 171 704 154 692 142 675 129 663 125 646 125Z\"><\/path><\/svg>\t\t\t\t\t\t<\/div>\n\t\t\t\t\t\t<div class=\"elementor-swiper-button elementor-swiper-button-next\" role=\"button\" tabindex=\"0\" aria-label=\"N\u00e4chster\">\n\t\t\t\t\t\t\t<svg aria-hidden=\"true\" class=\"e-font-icon-svg e-eicon-chevron-right\" viewBox=\"0 0 1000 1000\" xmlns=\"http:\/\/www.w3.org\/2000\/svg\"><path d=\"M696 533C708 521 713 504 713 487 713 471 708 454 696 446L400 146C388 133 375 125 354 125 338 125 325 129 313 142 300 154 292 171 292 187 292 204 296 221 308 233L563 492 304 771C292 783 288 800 288 817 288 833 296 850 308 863 321 871 338 875 354 875 371 875 388 867 400 854L696 533Z\"><\/path><\/svg>\t\t\t\t\t\t<\/div>\n\t\t\t\t\t\t\t\t\t\t\t\t\t\t\t\t<div class=\"swiper-pagination\"><\/div>\n\t\t\t\t\t\t\t\t\t\t\t\t<\/div>\n\t\t\t\t<\/div>\n\t\t\t\t\t\t\t\t<\/div>\n\t\t\t\t<\/div>\n\t\t\t\t\t<\/div>\n\t\t\t\t<\/div>\n\t\t<div class=\"elementor-element elementor-element-967343b e-flex e-con-boxed e-con e-parent\" data-id=\"967343b\" data-element_type=\"container\" data-e-type=\"container\">\n\t\t\t\t\t<div class=\"e-con-inner\">\n\t\t\t\t\t<\/div>\n\t\t\t\t<\/div>\n\t\t<div class=\"elementor-element elementor-element-36a31bab e-flex e-con-boxed e-con e-parent\" data-id=\"36a31bab\" data-element_type=\"container\" data-e-type=\"container\">\n\t\t\t\t\t<div class=\"e-con-inner\">\n\t\t<div class=\"elementor-element elementor-element-108dd38 e-con-full elementor-hidden-mobile e-flex e-con e-child\" data-id=\"108dd38\" data-element_type=\"container\" data-e-type=\"container\">\n\t\t\t\t<div class=\"elementor-element elementor-element-4c4719 elementor-widget elementor-widget-heading\" data-id=\"4c4719\" data-element_type=\"widget\" data-e-type=\"widget\" data-widget_type=\"heading.default\">\n\t\t\t\t<div class=\"elementor-widget-container\">\n\t\t\t\t\t<h2 class=\"elementor-heading-title elementor-size-default\">Gemeinsam die Welt der \u00e4therischen \u00d6le entdecken<\/h2>\t\t\t\t<\/div>\n\t\t\t\t<\/div>\n\t\t\t\t<div class=\"elementor-element elementor-element-29447c22 elementor-widget elementor-widget-text-editor\" data-id=\"29447c22\" data-element_type=\"widget\" data-e-type=\"widget\" data-widget_type=\"text-editor.default\">\n\t\t\t\t<div class=\"elementor-widget-container\">\n\t\t\t\t\t\t\t\t\t<p>Bei meinen \u00d6le-Abenden lade ich dich ein, die faszinierende Welt der \u00e4therischen \u00d6le in entspannter Atmosph\u00e4re kennenzulernen. Ob du bereits Erfahrung mit \u00e4therischen \u00d6len hast oder gerade erst neugierig wirst \u2013 hier kannst du die Wirkung und die Vielfalt hochwertiger d\u014dTERRA-\u00d6le erleben und ausprobieren.<\/p><p>An diesen Abenden zeige ich dir, wie du \u00e4therische \u00d6le im Alltag anwenden kannst \u2013 sei es zur Entspannung, f\u00fcr mehr Energie, ein gest\u00e4rktes Immunsystem oder f\u00fcr kleine Wohlf\u00fchlrituale. Gemeinsam besprechen wir, welche \u00d6le zu deinen individuellen Bed\u00fcrfnissen passen, und du hast die M\u00f6glichkeit, Fragen zu stellen und deine eigenen Erfahrungen zu teilen.<\/p><p>Freu dich auf:<\/p><ul><li>Praktische Tipps f\u00fcr den Einsatz der \u00d6le in deinem Alltag.<\/li><li>Die Gelegenheit, verschiedene \u00d6le direkt auszuprobieren und ihre D\u00fcfte zu genie\u00dfen.<\/li><\/ul><div>\u00a0<\/div><p>Die \u00d6le-Abende sind auch eine wunderbare Gelegenheit, mit Gleichgesinnten ins Gespr\u00e4ch zu kommen und dich inspirieren zu lassen. Ob bei dir zu Hause, in kleiner Runde mit Freunden oder bei einem geplanten Event \u2013 ich gestalte den Abend ganz individuell nach deinen W\u00fcnschen.<\/p><p>Ich freue mich darauf, mit dir in die Welt der \u00e4therischen \u00d6le einzutauchen und dich auf deinem Weg zu mehr Wohlbefinden zu begleiten.<\/p>\t\t\t\t\t\t\t\t<\/div>\n\t\t\t\t<\/div>\n\t\t\t\t<\/div>\n\t\t<div class=\"elementor-element elementor-element-b200c44 e-con-full elementor-hidden-desktop elementor-hidden-tablet e-flex e-con e-child\" data-id=\"b200c44\" data-element_type=\"container\" data-e-type=\"container\">\n\t\t\t\t<div class=\"elementor-element elementor-element-1b3e789 elementor-widget elementor-widget-heading\" data-id=\"1b3e789\" data-element_type=\"widget\" data-e-type=\"widget\" data-widget_type=\"heading.default\">\n\t\t\t\t<div class=\"elementor-widget-container\">\n\t\t\t\t\t<h2 class=\"elementor-heading-title elementor-size-default\">Gemeinsam die Welt der \u00e4therischen \u00d6le entdecken<\/h2>\t\t\t\t<\/div>\n\t\t\t\t<\/div>\n\t\t\t\t<div class=\"elementor-element elementor-element-2971310 elementor-widget elementor-widget-image\" data-id=\"2971310\" data-element_type=\"widget\" data-e-type=\"widget\" data-widget_type=\"image.default\">\n\t\t\t\t<div class=\"elementor-widget-container\">\n\t\t\t\t\t\t\t\t\t\t\t\t\t\t\t<img loading=\"lazy\" decoding=\"async\" width=\"800\" height=\"457\" src=\"https:\/\/guetiseel.ch\/wp-content\/uploads\/2024\/11\/A_warm_and_inviting_scene_of_a_group_of_people_gat-1024x585.webp\" class=\"attachment-large size-large wp-image-437\" alt=\"\" srcset=\"https:\/\/guetiseel.ch\/wp-content\/uploads\/2024\/11\/A_warm_and_inviting_scene_of_a_group_of_people_gat-1024x585.webp 1024w, https:\/\/guetiseel.ch\/wp-content\/uploads\/2024\/11\/A_warm_and_inviting_scene_of_a_group_of_people_gat-300x171.webp 300w, https:\/\/guetiseel.ch\/wp-content\/uploads\/2024\/11\/A_warm_and_inviting_scene_of_a_group_of_people_gat-768x439.webp 768w, https:\/\/guetiseel.ch\/wp-content\/uploads\/2024\/11\/A_warm_and_inviting_scene_of_a_group_of_people_gat-1536x878.webp 1536w, https:\/\/guetiseel.ch\/wp-content\/uploads\/2024\/11\/A_warm_and_inviting_scene_of_a_group_of_people_gat.webp 1792w\" sizes=\"(max-width: 800px) 100vw, 800px\" \/>\t\t\t\t\t\t\t\t\t\t\t\t\t\t\t<\/div>\n\t\t\t\t<\/div>\n\t\t\t\t<div class=\"elementor-element elementor-element-b34af66 elementor-widget elementor-widget-n-accordion\" data-id=\"b34af66\" data-element_type=\"widget\" data-e-type=\"widget\" data-settings=\"{&quot;default_state&quot;:&quot;all_collapsed&quot;,&quot;max_items_expended&quot;:&quot;one&quot;,&quot;n_accordion_animation_duration&quot;:{&quot;unit&quot;:&quot;ms&quot;,&quot;size&quot;:400,&quot;sizes&quot;:[]}}\" data-widget_type=\"nested-accordion.default\">\n\t\t\t\t<div class=\"elementor-widget-container\">\n\t\t\t\t\t\t\t<div class=\"e-n-accordion\" aria-label=\"Accordion. Open links with Enter or Space, close with Escape, and navigate with Arrow Keys\">\n\t\t\t\t\t\t<details id=\"e-n-accordion-item-1880\" class=\"e-n-accordion-item\" >\n\t\t\t\t<summary class=\"e-n-accordion-item-title\" data-accordion-index=\"1\" tabindex=\"0\" aria-expanded=\"false\" aria-controls=\"e-n-accordion-item-1880\" >\n\t\t\t\t\t<span class='e-n-accordion-item-title-header'><div class=\"e-n-accordion-item-title-text\"> Bei meinen \u00d6le-Abenden lade ich dich ein, die faszinierende Welt der \u00e4therischen \u00d6le in entspannter Atmosph\u00e4re kennenzulernen. Ob du bereits Erfahrung mit \u00e4therischen \u00d6len hast oder gerade erst neugierig wirst \u2013 hier kannst du die Wirkung und die Vielfalt... <\/div><\/span>\n\t\t\t\t\t\t\t\t\t<\/summary>\n\t\t\t\t<div role=\"region\" aria-labelledby=\"e-n-accordion-item-1880\" class=\"elementor-element elementor-element-02043c4 e-con-full e-flex e-con e-child\" data-id=\"02043c4\" data-element_type=\"container\" data-e-type=\"container\">\n\t\t\t\t<div class=\"elementor-element elementor-element-9951085 elementor-widget elementor-widget-text-editor\" data-id=\"9951085\" data-element_type=\"widget\" data-e-type=\"widget\" data-widget_type=\"text-editor.default\">\n\t\t\t\t<div class=\"elementor-widget-container\">\n\t\t\t\t\t\t\t\t\t<p>&#8230;hochwertiger d\u014dTERRA-\u00d6le erleben und ausprobieren.<\/p><p>An diesen Abenden zeige ich dir, wie du \u00e4therische \u00d6le im Alltag anwenden kannst \u2013 sei es zur Entspannung, f\u00fcr mehr Energie, ein gest\u00e4rktes Immunsystem oder f\u00fcr kleine Wohlf\u00fchlrituale. Gemeinsam besprechen wir, welche \u00d6le zu deinen individuellen Bed\u00fcrfnissen passen, und du hast die M\u00f6glichkeit, Fragen zu stellen und deine eigenen Erfahrungen zu teilen.<\/p><p>Freu dich auf:<\/p><ul><li>Praktische Tipps f\u00fcr den Einsatz der \u00d6le in deinem Alltag.<\/li><li>Die Gelegenheit, verschiedene \u00d6le direkt auszuprobieren und ihre D\u00fcfte zu genie\u00dfen.<\/li><\/ul><div>\u00a0<\/div><p>Die \u00d6le-Abende sind auch eine wunderbare Gelegenheit, mit Gleichgesinnten ins Gespr\u00e4ch zu kommen und dich inspirieren zu lassen. Ob bei dir zu Hause, in kleiner Runde mit Freunden oder bei einem geplanten Event \u2013 ich gestalte den Abend ganz individuell nach deinen W\u00fcnschen.<\/p><p>Ich freue mich darauf, mit dir in die Welt der \u00e4therischen \u00d6le einzutauchen und dich auf deinem Weg zu mehr Wohlbefinden zu begleiten.<\/p>\t\t\t\t\t\t\t\t<\/div>\n\t\t\t\t<\/div>\n\t\t\t\t<\/div>\n\t\t\t\t\t<\/details>\n\t\t\t\t\t<\/div>\n\t\t\t\t\t\t<\/div>\n\t\t\t\t<\/div>\n\t\t\t\t<\/div>\n\t\t<div class=\"elementor-element elementor-element-697b7f7f e-con-full elementor-hidden-mobile e-flex e-con e-child\" data-id=\"697b7f7f\" data-element_type=\"container\" data-e-type=\"container\" data-settings=\"{&quot;background_background&quot;:&quot;classic&quot;}\">\n\t\t\t\t<\/div>\n\t\t\t\t\t<\/div>\n\t\t\t\t<\/div>\n\t\t<div class=\"elementor-element elementor-element-9fc72ad e-flex e-con-boxed e-con e-parent\" data-id=\"9fc72ad\" data-element_type=\"container\" data-e-type=\"container\">\n\t\t\t\t\t<div class=\"e-con-inner\">\n\t\t\t\t\t<\/div>\n\t\t\t\t<\/div>\n\t\t\t\t<\/div>\n\t\t","protected":false},"excerpt":{"rendered":"<p>Unabh\u00e4ngige Wellness-Botschafterin Als unabh\u00e4ngige Wellness-Botschafterin von d\u014dTERRA ist es meine Ambition, Menschen dabei zu unterst\u00fctzen, ein bewussteres und ges\u00fcnderes Leben zu f\u00fchren \u2013 mit der Kraft \u00e4therischer \u00d6le. d\u014dTERRA steht f\u00fcr reine, qualitativ hochwertige \u00d6le, die nicht nur dein Wohlbefinden f\u00f6rdern, sondern auch deinen Alltag bereichern k\u00f6nnen. Ich berate dich pers\u00f6nlich, welche \u00e4therischen \u00d6le und [&hellip;]<\/p>\n","protected":false},"author":1,"featured_media":0,"parent":0,"menu_order":0,"comment_status":"closed","ping_status":"closed","template":"","meta":{"footnotes":""},"class_list":["post-340","page","type-page","status-publish","hentry"],"jetpack_sharing_enabled":true,"_links":{"self":[{"href":"https:\/\/guetiseel.ch\/index.php\/wp-json\/wp\/v2\/pages\/340","targetHints":{"allow":["GET"]}}],"collection":[{"href":"https:\/\/guetiseel.ch\/index.php\/wp-json\/wp\/v2\/pages"}],"about":[{"href":"https:\/\/guetiseel.ch\/index.php\/wp-json\/wp\/v2\/types\/page"}],"author":[{"embeddable":true,"href":"https:\/\/guetiseel.ch\/index.php\/wp-json\/wp\/v2\/users\/1"}],"replies":[{"embeddable":true,"href":"https:\/\/guetiseel.ch\/index.php\/wp-json\/wp\/v2\/comments?post=340"}],"version-history":[{"count":82,"href":"https:\/\/guetiseel.ch\/index.php\/wp-json\/wp\/v2\/pages\/340\/revisions"}],"predecessor-version":[{"id":660,"href":"https:\/\/guetiseel.ch\/index.php\/wp-json\/wp\/v2\/pages\/340\/revisions\/660"}],"wp:attachment":[{"href":"https:\/\/guetiseel.ch\/index.php\/wp-json\/wp\/v2\/media?parent=340"}],"curies":[{"name":"wp","href":"https:\/\/api.w.org\/{rel}","templated":true}]}}