{"id":2,"date":"2024-10-28T20:50:55","date_gmt":"2024-10-28T20:50:55","guid":{"rendered":"https:\/\/guetiseel.ch\/Test\/?page_id=2"},"modified":"2024-11-22T14:48:29","modified_gmt":"2024-11-22T14:48:29","slug":"handgemachtes","status":"publish","type":"page","link":"https:\/\/guetiseel.ch\/index.php\/handgemachtes\/","title":{"rendered":"Handgemachtes"},"content":{"rendered":"\t\t<div data-elementor-type=\"wp-page\" data-elementor-id=\"2\" class=\"elementor elementor-2\" data-elementor-post-type=\"page\">\n\t\t\t\t<div class=\"elementor-element elementor-element-15aaa22a e-con-full e-flex e-con e-parent\" data-id=\"15aaa22a\" data-element_type=\"container\" data-e-type=\"container\" data-settings=\"{&quot;background_background&quot;:&quot;classic&quot;}\">\n\t\t<div class=\"elementor-element elementor-element-737362f9 e-con-full e-flex e-con e-child\" data-id=\"737362f9\" data-element_type=\"container\" data-e-type=\"container\" data-settings=\"{&quot;background_background&quot;:&quot;classic&quot;}\">\n\t\t<div class=\"elementor-element elementor-element-f70fa76 e-con-full e-flex e-con e-child\" data-id=\"f70fa76\" data-element_type=\"container\" data-e-type=\"container\">\n\t\t\t\t<div class=\"elementor-element elementor-element-c9ceeb0 elementor-widget elementor-widget-theme-site-logo elementor-widget-image\" data-id=\"c9ceeb0\" data-element_type=\"widget\" data-e-type=\"widget\" data-widget_type=\"theme-site-logo.default\">\n\t\t\t\t<div class=\"elementor-widget-container\">\n\t\t\t\t\t\t\t\t\t\t\t<a href=\"https:\/\/guetiseel.ch\">\n\t\t\t<img fetchpriority=\"high\" decoding=\"async\" width=\"720\" height=\"720\" src=\"https:\/\/guetiseel.ch\/wp-content\/uploads\/2024\/11\/Logo_Stempel_75_SW.webp\" class=\"attachment-full size-full wp-image-377\" alt=\"guetiSeel Logo\" srcset=\"https:\/\/guetiseel.ch\/wp-content\/uploads\/2024\/11\/Logo_Stempel_75_SW.webp 720w, https:\/\/guetiseel.ch\/wp-content\/uploads\/2024\/11\/Logo_Stempel_75_SW-300x300.webp 300w, https:\/\/guetiseel.ch\/wp-content\/uploads\/2024\/11\/Logo_Stempel_75_SW-150x150.webp 150w\" sizes=\"(max-width: 720px) 100vw, 720px\" \/>\t\t\t\t<\/a>\n\t\t\t\t\t\t\t\t\t\t\t<\/div>\n\t\t\t\t<\/div>\n\t\t\t\t<\/div>\n\t\t<div class=\"elementor-element elementor-element-273e9d2 e-con-full e-flex e-con e-child\" data-id=\"273e9d2\" data-element_type=\"container\" data-e-type=\"container\">\n\t\t\t\t<div class=\"elementor-element elementor-element-19e9e9ac elementor-widget__width-auto elementor-nav-menu__text-align-aside elementor-nav-menu--toggle elementor-nav-menu--burger elementor-widget elementor-widget-nav-menu\" data-id=\"19e9e9ac\" data-element_type=\"widget\" data-e-type=\"widget\" data-settings=\"{&quot;layout&quot;:&quot;dropdown&quot;,&quot;submenu_icon&quot;:{&quot;value&quot;:&quot;&lt;svg aria-hidden=\\&quot;true\\&quot; class=\\&quot;e-font-icon-svg e-fas-caret-down\\&quot; viewBox=\\&quot;0 0 320 512\\&quot; xmlns=\\&quot;http:\\\/\\\/www.w3.org\\\/2000\\\/svg\\&quot;&gt;&lt;path d=\\&quot;M31.3 192h257.3c17.8 0 26.7 21.5 14.1 34.1L174.1 354.8c-7.8 7.8-20.5 7.8-28.3 0L17.2 226.1C4.6 213.5 13.5 192 31.3 192z\\&quot;&gt;&lt;\\\/path&gt;&lt;\\\/svg&gt;&quot;,&quot;library&quot;:&quot;fa-solid&quot;},&quot;toggle&quot;:&quot;burger&quot;}\" data-widget_type=\"nav-menu.default\">\n\t\t\t\t<div class=\"elementor-widget-container\">\n\t\t\t\t\t\t\t<div class=\"elementor-menu-toggle\" role=\"button\" tabindex=\"0\" aria-label=\"Men\u00fc Umschalter\" aria-expanded=\"false\">\n\t\t\t<svg aria-hidden=\"true\" role=\"presentation\" class=\"elementor-menu-toggle__icon--open e-font-icon-svg e-eicon-menu-bar\" viewBox=\"0 0 1000 1000\" xmlns=\"http:\/\/www.w3.org\/2000\/svg\"><path d=\"M104 333H896C929 333 958 304 958 271S929 208 896 208H104C71 208 42 237 42 271S71 333 104 333ZM104 583H896C929 583 958 554 958 521S929 458 896 458H104C71 458 42 487 42 521S71 583 104 583ZM104 833H896C929 833 958 804 958 771S929 708 896 708H104C71 708 42 737 42 771S71 833 104 833Z\"><\/path><\/svg><svg aria-hidden=\"true\" role=\"presentation\" class=\"elementor-menu-toggle__icon--close e-font-icon-svg e-eicon-close\" viewBox=\"0 0 1000 1000\" xmlns=\"http:\/\/www.w3.org\/2000\/svg\"><path d=\"M742 167L500 408 258 167C246 154 233 150 217 150 196 150 179 158 167 167 154 179 150 196 150 212 150 229 154 242 171 254L408 500 167 742C138 771 138 800 167 829 196 858 225 858 254 829L496 587 738 829C750 842 767 846 783 846 800 846 817 842 829 829 842 817 846 804 846 783 846 767 842 750 829 737L588 500 833 258C863 229 863 200 833 171 804 137 775 137 742 167Z\"><\/path><\/svg>\t\t<\/div>\n\t\t\t\t\t<nav class=\"elementor-nav-menu--dropdown elementor-nav-menu__container\" aria-hidden=\"true\">\n\t\t\t\t<ul id=\"menu-2-19e9e9ac\" class=\"elementor-nav-menu\"><li class=\"menu-item menu-item-type-post_type menu-item-object-page menu-item-home menu-item-130\"><a href=\"https:\/\/guetiseel.ch\/\" class=\"elementor-item\" tabindex=\"-1\">Startseite<\/a><\/li>\n<li class=\"menu-item menu-item-type-post_type menu-item-object-page menu-item-131\"><a href=\"https:\/\/guetiseel.ch\/index.php\/handgemachtes\/\" class=\"elementor-item\" tabindex=\"-1\">Handgemachtes<\/a><\/li>\n<li class=\"menu-item menu-item-type-post_type menu-item-object-page menu-item-674\"><a href=\"https:\/\/guetiseel.ch\/index.php\/fotografie\/\" class=\"elementor-item\" tabindex=\"-1\">Fotografie<\/a><\/li>\n<li class=\"menu-item menu-item-type-post_type menu-item-object-page menu-item-415\"><a href=\"https:\/\/guetiseel.ch\/index.php\/mediale-begleitung\/\" class=\"elementor-item\" tabindex=\"-1\">Mediale Begleitung<\/a><\/li>\n<li class=\"menu-item menu-item-type-post_type menu-item-object-page menu-item-416\"><a href=\"https:\/\/guetiseel.ch\/index.php\/aetherische-oele\/\" class=\"elementor-item\" tabindex=\"-1\">\u00c4therische \u00d6le<\/a><\/li>\n<li class=\"menu-item menu-item-type-post_type menu-item-object-page menu-item-720\"><a href=\"https:\/\/guetiseel.ch\/index.php\/videochat\/\" class=\"elementor-item\" tabindex=\"-1\">Privat<\/a><\/li>\n<\/ul>\t\t\t<\/nav>\n\t\t\t\t\t\t<\/div>\n\t\t\t\t<\/div>\n\t\t<div class=\"elementor-element elementor-element-34c79d0 e-con-full e-flex e-con e-child\" data-id=\"34c79d0\" data-element_type=\"container\" data-e-type=\"container\">\n\t\t\t\t<\/div>\n\t\t\t\t<\/div>\n\t\t\t\t<\/div>\n\t\t\t\t<\/div>\n\t\t<div class=\"elementor-element elementor-element-125fa415 e-flex e-con-boxed e-con e-parent\" data-id=\"125fa415\" data-element_type=\"container\" data-e-type=\"container\">\n\t\t\t\t\t<div class=\"e-con-inner\">\n\t\t<div class=\"elementor-element elementor-element-77a6b2af e-con-full elementor-hidden-mobile e-flex e-con e-child\" data-id=\"77a6b2af\" data-element_type=\"container\" data-e-type=\"container\">\n\t\t\t\t<div class=\"elementor-element elementor-element-666d9dad elementor-widget elementor-widget-heading\" data-id=\"666d9dad\" data-element_type=\"widget\" data-e-type=\"widget\" data-widget_type=\"heading.default\">\n\t\t\t\t<div class=\"elementor-widget-container\">\n\t\t\t\t\t<h2 class=\"elementor-heading-title elementor-size-default\">Einzigartige Aroma-Armb\u00e4nder<\/h2>\t\t\t\t<\/div>\n\t\t\t\t<\/div>\n\t\t\t\t<div class=\"elementor-element elementor-element-65c6eda elementor-widget elementor-widget-text-editor\" data-id=\"65c6eda\" data-element_type=\"widget\" data-e-type=\"widget\" data-widget_type=\"text-editor.default\">\n\t\t\t\t<div class=\"elementor-widget-container\">\n\t\t\t\t\t\t\t\t\t<p>Jedes meiner Aroma-Armb\u00e4nder ist ein Unikat und wird mit viel Sorgfalt und Liebe individuell f\u00fcr dich angefertigt. Ich verwende hochwertige Materialien wie Lavaperlen, Halbedelsteine und nat\u00fcrliche Holzperlen, die nicht nur sch\u00f6n aussehen, sondern auch deine \u00e4therischen \u00d6le perfekt zur Geltung bringen.<\/p><p>Die Lavaperlen sind ideale Dufttr\u00e4ger und erlauben es dir, deinen Lieblingsduft den ganzen Tag bei dir zu tragen. Einfach ein paar Tropfen deines bevorzugten \u00e4therischen \u00d6ls auf die Lavaperlen geben und die wohltuenden Aromen wirken lassen \u2013 sei es zur Entspannung, zur Fokussierung oder als kleiner Energieschub f\u00fcr zwischendurch.<\/p><p>Gemeinsam besprechen wir deine W\u00fcnsche, damit dein Armband nicht nur deinen Stil widerspiegelt, sondern auch deine ganz pers\u00f6nliche Note tr\u00e4gt. Egal, ob als Geschenk oder f\u00fcr dich selbst \u2013 jedes Aroma-Armband ist so individuell wie du!<\/p>\t\t\t\t\t\t\t\t<\/div>\n\t\t\t\t<\/div>\n\t\t\t\t<\/div>\n\t\t<div class=\"elementor-element elementor-element-d007cbe e-con-full elementor-hidden-desktop elementor-hidden-tablet e-flex e-con e-child\" data-id=\"d007cbe\" data-element_type=\"container\" data-e-type=\"container\">\n\t\t\t\t<div class=\"elementor-element elementor-element-9f044dc elementor-widget elementor-widget-heading\" data-id=\"9f044dc\" data-element_type=\"widget\" data-e-type=\"widget\" data-widget_type=\"heading.default\">\n\t\t\t\t<div class=\"elementor-widget-container\">\n\t\t\t\t\t<h2 class=\"elementor-heading-title elementor-size-default\">Einzigartige Aroma-Armb\u00e4nder<\/h2>\t\t\t\t<\/div>\n\t\t\t\t<\/div>\n\t\t\t\t<div class=\"elementor-element elementor-element-ed56ef4 elementor-widget elementor-widget-image\" data-id=\"ed56ef4\" data-element_type=\"widget\" data-e-type=\"widget\" data-widget_type=\"image.default\">\n\t\t\t\t<div class=\"elementor-widget-container\">\n\t\t\t\t\t\t\t\t\t\t\t\t\t\t\t<img decoding=\"async\" width=\"800\" height=\"800\" src=\"https:\/\/guetiseel.ch\/wp-content\/uploads\/2024\/11\/Armbaender_GPT.webp\" class=\"attachment-large size-large wp-image-250\" alt=\"\" srcset=\"https:\/\/guetiseel.ch\/wp-content\/uploads\/2024\/11\/Armbaender_GPT.webp 1024w, https:\/\/guetiseel.ch\/wp-content\/uploads\/2024\/11\/Armbaender_GPT-300x300.webp 300w, https:\/\/guetiseel.ch\/wp-content\/uploads\/2024\/11\/Armbaender_GPT-150x150.webp 150w, https:\/\/guetiseel.ch\/wp-content\/uploads\/2024\/11\/Armbaender_GPT-768x768.webp 768w\" sizes=\"(max-width: 800px) 100vw, 800px\" \/>\t\t\t\t\t\t\t\t\t\t\t\t\t\t\t<\/div>\n\t\t\t\t<\/div>\n\t\t\t\t<div class=\"elementor-element elementor-element-e5d473a elementor-widget elementor-widget-n-accordion\" data-id=\"e5d473a\" data-element_type=\"widget\" data-e-type=\"widget\" data-settings=\"{&quot;default_state&quot;:&quot;all_collapsed&quot;,&quot;max_items_expended&quot;:&quot;one&quot;,&quot;n_accordion_animation_duration&quot;:{&quot;unit&quot;:&quot;ms&quot;,&quot;size&quot;:400,&quot;sizes&quot;:[]}}\" data-widget_type=\"nested-accordion.default\">\n\t\t\t\t<div class=\"elementor-widget-container\">\n\t\t\t\t\t\t\t<div class=\"e-n-accordion\" aria-label=\"Accordion. Open links with Enter or Space, close with Escape, and navigate with Arrow Keys\">\n\t\t\t\t\t\t<details id=\"e-n-accordion-item-2400\" class=\"e-n-accordion-item\" >\n\t\t\t\t<summary class=\"e-n-accordion-item-title\" data-accordion-index=\"1\" tabindex=\"0\" aria-expanded=\"false\" aria-controls=\"e-n-accordion-item-2400\" >\n\t\t\t\t\t<span class='e-n-accordion-item-title-header'><div class=\"e-n-accordion-item-title-text\"> Jedes meiner Aroma-Armb\u00e4nder ist ein Unikat und wird mit viel Sorgfalt und Liebe individuell f\u00fcr dich angefertigt. Ich verwende hochwertige Materialien wie Lavaperlen, Halbedelsteine und nat\u00fcrliche Holzperlen, die nicht nur sch\u00f6n aussehen, sondern... <\/div><\/span>\n\t\t\t\t\t\t\t\t\t<\/summary>\n\t\t\t\t<div role=\"region\" aria-labelledby=\"e-n-accordion-item-2400\" class=\"elementor-element elementor-element-08d45af e-con-full e-flex e-con e-child\" data-id=\"08d45af\" data-element_type=\"container\" data-e-type=\"container\">\n\t\t\t\t<div class=\"elementor-element elementor-element-b12a60b elementor-widget elementor-widget-text-editor\" data-id=\"b12a60b\" data-element_type=\"widget\" data-e-type=\"widget\" data-widget_type=\"text-editor.default\">\n\t\t\t\t<div class=\"elementor-widget-container\">\n\t\t\t\t\t\t\t\t\t<p>&#8230;auch deine \u00e4therischen \u00d6le perfekt zur Geltung bringen.<\/p><p>Die Lavaperlen sind ideale Dufttr\u00e4ger und erlauben es dir, deinen Lieblingsduft den ganzen Tag bei dir zu tragen. Einfach ein paar Tropfen deines bevorzugten \u00e4therischen \u00d6ls auf die Lavaperlen geben und die wohltuenden Aromen wirken lassen \u2013 sei es zur Entspannung, zur Fokussierung oder als kleiner Energieschub f\u00fcr zwischendurch.<\/p><p>Gemeinsam besprechen wir deine W\u00fcnsche, damit dein Armband nicht nur deinen Stil widerspiegelt, sondern auch deine ganz pers\u00f6nliche Note tr\u00e4gt. Egal, ob als Geschenk oder f\u00fcr dich selbst \u2013 jedes Aroma-Armband ist so individuell wie du!<\/p>\t\t\t\t\t\t\t\t<\/div>\n\t\t\t\t<\/div>\n\t\t\t\t<\/div>\n\t\t\t\t\t<\/details>\n\t\t\t\t\t<\/div>\n\t\t\t\t\t\t<\/div>\n\t\t\t\t<\/div>\n\t\t\t\t<\/div>\n\t\t<div class=\"elementor-element elementor-element-143345d8 e-con-full elementor-hidden-mobile e-flex e-con e-child\" data-id=\"143345d8\" data-element_type=\"container\" data-e-type=\"container\" data-settings=\"{&quot;background_background&quot;:&quot;classic&quot;}\">\n\t\t\t\t<\/div>\n\t\t\t\t\t<\/div>\n\t\t\t\t<\/div>\n\t\t<div class=\"elementor-element elementor-element-032a68a e-flex e-con-boxed e-con e-parent\" data-id=\"032a68a\" data-element_type=\"container\" data-e-type=\"container\">\n\t\t\t\t\t<div class=\"e-con-inner\">\n\t\t<div class=\"elementor-element elementor-element-475c8ca e-con-full elementor-hidden-mobile e-flex e-con e-child\" data-id=\"475c8ca\" data-element_type=\"container\" data-e-type=\"container\" data-settings=\"{&quot;background_background&quot;:&quot;classic&quot;}\">\n\t\t<div class=\"elementor-element elementor-element-9ffac47 e-con-full e-flex e-con e-child\" data-id=\"9ffac47\" data-element_type=\"container\" data-e-type=\"container\" data-settings=\"{&quot;background_background&quot;:&quot;classic&quot;}\">\n\t\t\t\t<\/div>\n\t\t\t\t<\/div>\n\t\t<div class=\"elementor-element elementor-element-bce33d5 e-con-full elementor-hidden-desktop elementor-hidden-tablet e-flex e-con e-child\" data-id=\"bce33d5\" data-element_type=\"container\" data-e-type=\"container\">\n\t\t\t\t<div class=\"elementor-element elementor-element-57af99d elementor-widget elementor-widget-heading\" data-id=\"57af99d\" data-element_type=\"widget\" data-e-type=\"widget\" data-widget_type=\"heading.default\">\n\t\t\t\t<div class=\"elementor-widget-container\">\n\t\t\t\t\t<h2 class=\"elementor-heading-title elementor-size-default\">Halsketten mit Seele<\/h2>\t\t\t\t<\/div>\n\t\t\t\t<\/div>\n\t\t\t\t<div class=\"elementor-element elementor-element-4bf2b22 elementor-widget elementor-widget-image\" data-id=\"4bf2b22\" data-element_type=\"widget\" data-e-type=\"widget\" data-widget_type=\"image.default\">\n\t\t\t\t<div class=\"elementor-widget-container\">\n\t\t\t\t\t\t\t\t\t\t\t\t\t\t\t<img decoding=\"async\" width=\"585\" height=\"1024\" src=\"https:\/\/guetiseel.ch\/wp-content\/uploads\/2024\/11\/Turquoise_necklace_design-585x1024.webp\" class=\"attachment-large size-large wp-image-334\" alt=\"\" srcset=\"https:\/\/guetiseel.ch\/wp-content\/uploads\/2024\/11\/Turquoise_necklace_design-585x1024.webp 585w, https:\/\/guetiseel.ch\/wp-content\/uploads\/2024\/11\/Turquoise_necklace_design-171x300.webp 171w, https:\/\/guetiseel.ch\/wp-content\/uploads\/2024\/11\/Turquoise_necklace_design-768x1344.webp 768w, https:\/\/guetiseel.ch\/wp-content\/uploads\/2024\/11\/Turquoise_necklace_design-878x1536.webp 878w, https:\/\/guetiseel.ch\/wp-content\/uploads\/2024\/11\/Turquoise_necklace_design.webp 1024w\" sizes=\"(max-width: 585px) 100vw, 585px\" \/>\t\t\t\t\t\t\t\t\t\t\t\t\t\t\t<\/div>\n\t\t\t\t<\/div>\n\t\t\t\t<div class=\"elementor-element elementor-element-2c15cf6 elementor-widget elementor-widget-n-accordion\" data-id=\"2c15cf6\" data-element_type=\"widget\" data-e-type=\"widget\" data-settings=\"{&quot;default_state&quot;:&quot;all_collapsed&quot;,&quot;max_items_expended&quot;:&quot;one&quot;,&quot;n_accordion_animation_duration&quot;:{&quot;unit&quot;:&quot;ms&quot;,&quot;size&quot;:400,&quot;sizes&quot;:[]}}\" data-widget_type=\"nested-accordion.default\">\n\t\t\t\t<div class=\"elementor-widget-container\">\n\t\t\t\t\t\t\t<div class=\"e-n-accordion\" aria-label=\"Accordion. Open links with Enter or Space, close with Escape, and navigate with Arrow Keys\">\n\t\t\t\t\t\t<details id=\"e-n-accordion-item-4620\" class=\"e-n-accordion-item\" >\n\t\t\t\t<summary class=\"e-n-accordion-item-title\" data-accordion-index=\"1\" tabindex=\"0\" aria-expanded=\"false\" aria-controls=\"e-n-accordion-item-4620\" >\n\t\t\t\t\t<span class='e-n-accordion-item-title-header'><div class=\"e-n-accordion-item-title-text\"> Meine handgefertigten Halsketten sind kleine Kunstwerke, die ich aus edlen Steinperlen und nat\u00fcrlichen Holzperlen kreiere. Jede Kette ist ein Unikat, sorgf\u00e4ltig ausgew\u00e4hlt und liebevoll zusammengestellt, damit sie nicht nur... <\/div><\/span>\n\t\t\t\t\t\t\t\t\t<\/summary>\n\t\t\t\t<div role=\"region\" aria-labelledby=\"e-n-accordion-item-4620\" class=\"elementor-element elementor-element-09d3701 e-con-full e-flex e-con e-child\" data-id=\"09d3701\" data-element_type=\"container\" data-e-type=\"container\">\n\t\t\t\t<div class=\"elementor-element elementor-element-eb47c59 elementor-widget elementor-widget-text-editor\" data-id=\"eb47c59\" data-element_type=\"widget\" data-e-type=\"widget\" data-widget_type=\"text-editor.default\">\n\t\t\t\t<div class=\"elementor-widget-container\">\n\t\t\t\t\t\t\t\t\t<p>&#8230;<\/p><p>optisch beeindruckt, sondern auch deine Energie unterst\u00fctzt.<\/p><p>Ob schlichte Eleganz mit nat\u00fcrlichen Holzperlen oder funkelnde Farbenpracht mit Halbedelsteinen \u2013 jede Halskette hat ihren eigenen Charakter. Die Steine, die ich verwende, sind nicht nur sch\u00f6n, sondern ihnen wird auch eine wohltuende Wirkung auf K\u00f6rper und Geist nachgesagt. Lass dich von der Vielfalt inspirieren und finde genau das Schmuckst\u00fcck, das zu dir passt.<\/p><p>Diese einzigartigen Ketten sind nicht nur ein Ausdruck deines pers\u00f6nlichen Stils, sondern tragen auch die Energie der verwendeten Materialien in sich. Gerne gehe ich auf deine individuellen W\u00fcnsche ein, damit deine neue Lieblingskette perfekt zu dir passt!<\/p>\t\t\t\t\t\t\t\t<\/div>\n\t\t\t\t<\/div>\n\t\t\t\t<\/div>\n\t\t\t\t\t<\/details>\n\t\t\t\t\t<\/div>\n\t\t\t\t\t\t<\/div>\n\t\t\t\t<\/div>\n\t\t\t\t<\/div>\n\t\t<div class=\"elementor-element elementor-element-0b02f1f e-con-full elementor-hidden-mobile e-flex e-con e-child\" data-id=\"0b02f1f\" data-element_type=\"container\" data-e-type=\"container\">\n\t\t\t\t<div class=\"elementor-element elementor-element-b8922ec elementor-widget elementor-widget-heading\" data-id=\"b8922ec\" data-element_type=\"widget\" data-e-type=\"widget\" data-widget_type=\"heading.default\">\n\t\t\t\t<div class=\"elementor-widget-container\">\n\t\t\t\t\t<h2 class=\"elementor-heading-title elementor-size-default\">Halsketten mit Seele<\/h2>\t\t\t\t<\/div>\n\t\t\t\t<\/div>\n\t\t\t\t<div class=\"elementor-element elementor-element-8a8e44a elementor-widget elementor-widget-text-editor\" data-id=\"8a8e44a\" data-element_type=\"widget\" data-e-type=\"widget\" data-widget_type=\"text-editor.default\">\n\t\t\t\t<div class=\"elementor-widget-container\">\n\t\t\t\t\t\t\t\t\t<p>Meine handgefertigten Halsketten sind kleine Kunstwerke, die ich aus edlen Steinperlen und nat\u00fcrlichen Holzperlen kreiere. Jede Kette ist ein Unikat, sorgf\u00e4ltig ausgew\u00e4hlt und liebevoll zusammengestellt, damit sie nicht nur optisch beeindruckt, sondern auch deine Energie unterst\u00fctzt.<\/p><p>Ob schlichte Eleganz mit nat\u00fcrlichen Holzperlen oder funkelnde Farbenpracht mit Halbedelsteinen \u2013 jede Halskette hat ihren eigenen Charakter. Die Steine, die ich verwende, sind nicht nur sch\u00f6n, sondern ihnen wird auch eine wohltuende Wirkung auf K\u00f6rper und Geist nachgesagt. Lass dich von der Vielfalt inspirieren und finde genau das Schmuckst\u00fcck, das zu dir passt.<\/p><p>Diese einzigartigen Ketten sind nicht nur ein Ausdruck deines pers\u00f6nlichen Stils, sondern tragen auch die Energie der verwendeten Materialien in sich. Gerne gehe ich auf deine individuellen W\u00fcnsche ein, damit deine neue Lieblingskette perfekt zu dir passt!<\/p><p>\u00a0<\/p><p>\u00a0<\/p><p>\u00a0<\/p><p>\u00a0<\/p>\t\t\t\t\t\t\t\t<\/div>\n\t\t\t\t<\/div>\n\t\t\t\t<\/div>\n\t\t\t\t\t<\/div>\n\t\t\t\t<\/div>\n\t\t<div class=\"elementor-element elementor-element-123f34c e-flex e-con-boxed e-con e-parent\" data-id=\"123f34c\" data-element_type=\"container\" data-e-type=\"container\">\n\t\t\t\t\t<div class=\"e-con-inner\">\n\t\t\t\t<div class=\"elementor-element elementor-element-667ebe5 elementor-widget elementor-widget-heading\" data-id=\"667ebe5\" data-element_type=\"widget\" data-e-type=\"widget\" data-widget_type=\"heading.default\">\n\t\t\t\t<div class=\"elementor-widget-container\">\n\t\t\t\t\t<h2 class=\"elementor-heading-title elementor-size-default\">Schutzengel<\/h2>\t\t\t\t<\/div>\n\t\t\t\t<\/div>\n\t\t\t\t<div class=\"elementor-element elementor-element-f9af2e4 elementor-pagination-type-bullets elementor-arrows-position-inside elementor-pagination-position-outside elementor-widget elementor-widget-n-carousel\" data-id=\"f9af2e4\" data-element_type=\"widget\" data-e-type=\"widget\" data-settings=\"{&quot;carousel_items&quot;:[{&quot;slide_title&quot;:&quot;Ohrringe&quot;,&quot;_id&quot;:&quot;4ebbc0a&quot;},{&quot;slide_title&quot;:&quot;Accessoir&quot;,&quot;_id&quot;:&quot;6b39992&quot;},{&quot;slide_title&quot;:&quot;Anh\\u00e4nger&quot;,&quot;_id&quot;:&quot;a0905f0&quot;},{&quot;_id&quot;:&quot;7a9a9cf&quot;,&quot;slide_title&quot;:&quot;Filzengel&quot;}],&quot;slides_to_show_tablet&quot;:&quot;2&quot;,&quot;slides_to_show_mobile&quot;:&quot;1&quot;,&quot;autoplay&quot;:&quot;yes&quot;,&quot;autoplay_speed&quot;:5000,&quot;pause_on_hover&quot;:&quot;yes&quot;,&quot;pause_on_interaction&quot;:&quot;yes&quot;,&quot;infinite&quot;:&quot;yes&quot;,&quot;speed&quot;:500,&quot;offset_sides&quot;:&quot;none&quot;,&quot;arrows&quot;:&quot;yes&quot;,&quot;pagination&quot;:&quot;bullets&quot;,&quot;image_spacing_custom&quot;:{&quot;unit&quot;:&quot;px&quot;,&quot;size&quot;:10,&quot;sizes&quot;:[]},&quot;image_spacing_custom_tablet&quot;:{&quot;unit&quot;:&quot;px&quot;,&quot;size&quot;:&quot;&quot;,&quot;sizes&quot;:[]},&quot;image_spacing_custom_mobile&quot;:{&quot;unit&quot;:&quot;px&quot;,&quot;size&quot;:&quot;&quot;,&quot;sizes&quot;:[]}}\" data-widget_type=\"nested-carousel.default\">\n\t\t\t\t<div class=\"elementor-widget-container\">\n\t\t\t\t\t\t\t<div class=\"e-n-carousel swiper\" role=\"region\" aria-roledescription=\"carousel\" aria-label=\"Karussell\" dir=\"ltr\">\n\t\t\t<div class=\"swiper-wrapper\" aria-live=\"off\">\n\t\t\t\t\t\t\t\t\t\t<div class=\"swiper-slide\" data-slide=\"1\" role=\"group\" aria-roledescription=\"slide\" aria-label=\"1 von 4\">\n\t\t\t\t\t\t\t<div class=\"elementor-element elementor-element-0d6c2ff e-flex e-con-boxed e-con e-child\" data-id=\"0d6c2ff\" data-element_type=\"container\" data-e-type=\"container\">\n\t\t\t\t\t<div class=\"e-con-inner\">\n\t\t<div class=\"elementor-element elementor-element-feb8801 e-con-full e-flex e-con e-child\" data-id=\"feb8801\" data-element_type=\"container\" data-e-type=\"container\">\n\t\t\t\t<div class=\"elementor-element elementor-element-7c93891 elementor-widget__width-auto elementor-widget elementor-widget-image\" data-id=\"7c93891\" data-element_type=\"widget\" data-e-type=\"widget\" data-widget_type=\"image.default\">\n\t\t\t\t<div class=\"elementor-widget-container\">\n\t\t\t\t\t\t\t\t\t\t\t\t\t\t\t\t<a href=\"#elementor-action%3Aaction%3Dpopup%3Aopen%26settings%3DeyJpZCI6IjI3MiIsInRvZ2dsZSI6ZmFsc2V9\">\n\t\t\t\t\t\t\t<img loading=\"lazy\" decoding=\"async\" width=\"800\" height=\"800\" src=\"https:\/\/guetiseel.ch\/wp-content\/uploads\/2024\/11\/Angel_earrings_with_small_wings.webp\" class=\"attachment-large size-large wp-image-267\" alt=\"\" srcset=\"https:\/\/guetiseel.ch\/wp-content\/uploads\/2024\/11\/Angel_earrings_with_small_wings.webp 1024w, https:\/\/guetiseel.ch\/wp-content\/uploads\/2024\/11\/Angel_earrings_with_small_wings-300x300.webp 300w, https:\/\/guetiseel.ch\/wp-content\/uploads\/2024\/11\/Angel_earrings_with_small_wings-150x150.webp 150w, https:\/\/guetiseel.ch\/wp-content\/uploads\/2024\/11\/Angel_earrings_with_small_wings-768x768.webp 768w\" sizes=\"(max-width: 800px) 100vw, 800px\" \/>\t\t\t\t\t\t\t\t<\/a>\n\t\t\t\t\t\t\t\t\t\t\t\t\t\t\t<\/div>\n\t\t\t\t<\/div>\n\t\t\t\t<div class=\"elementor-element elementor-element-c4d5518 elementor-widget elementor-widget-heading\" data-id=\"c4d5518\" data-element_type=\"widget\" data-e-type=\"widget\" data-widget_type=\"heading.default\">\n\t\t\t\t<div class=\"elementor-widget-container\">\n\t\t\t\t\t<h4 class=\"elementor-heading-title elementor-size-default\">Ohrringe<\/h4>\t\t\t\t<\/div>\n\t\t\t\t<\/div>\n\t\t\t\t<\/div>\n\t\t\t\t\t<\/div>\n\t\t\t\t<\/div>\n\t\t\t\t\t\t\t\t<\/div>\n\t\t\t\t\t\t\t\t\t\t\t<div class=\"swiper-slide\" data-slide=\"2\" role=\"group\" aria-roledescription=\"slide\" aria-label=\"2 von 4\">\n\t\t\t\t\t\t\t<div class=\"elementor-element elementor-element-4234c7c e-flex e-con-boxed e-con e-child\" data-id=\"4234c7c\" data-element_type=\"container\" data-e-type=\"container\">\n\t\t\t\t\t<div class=\"e-con-inner\">\n\t\t<div class=\"elementor-element elementor-element-42f3d20 e-con-full e-flex e-con e-child\" data-id=\"42f3d20\" data-element_type=\"container\" data-e-type=\"container\">\n\t\t\t\t<div class=\"elementor-element elementor-element-bdd3997 elementor-widget__width-auto elementor-widget elementor-widget-image\" data-id=\"bdd3997\" data-element_type=\"widget\" data-e-type=\"widget\" data-widget_type=\"image.default\">\n\t\t\t\t<div class=\"elementor-widget-container\">\n\t\t\t\t\t\t\t\t\t\t\t\t\t\t\t\t<a href=\"#elementor-action%3Aaction%3Dpopup%3Aopen%26settings%3DeyJpZCI6IjI5MiIsInRvZ2dsZSI6ZmFsc2V9\">\n\t\t\t\t\t\t\t<img loading=\"lazy\" decoding=\"async\" width=\"800\" height=\"800\" src=\"https:\/\/guetiseel.ch\/wp-content\/uploads\/2024\/11\/Angel_pendant_converted_to_jpg.webp\" class=\"attachment-large size-large wp-image-313\" alt=\"\" srcset=\"https:\/\/guetiseel.ch\/wp-content\/uploads\/2024\/11\/Angel_pendant_converted_to_jpg.webp 1024w, https:\/\/guetiseel.ch\/wp-content\/uploads\/2024\/11\/Angel_pendant_converted_to_jpg-300x300.webp 300w, https:\/\/guetiseel.ch\/wp-content\/uploads\/2024\/11\/Angel_pendant_converted_to_jpg-150x150.webp 150w, https:\/\/guetiseel.ch\/wp-content\/uploads\/2024\/11\/Angel_pendant_converted_to_jpg-768x768.webp 768w\" sizes=\"(max-width: 800px) 100vw, 800px\" \/>\t\t\t\t\t\t\t\t<\/a>\n\t\t\t\t\t\t\t\t\t\t\t\t\t\t\t<\/div>\n\t\t\t\t<\/div>\n\t\t\t\t<div class=\"elementor-element elementor-element-3d07e0e elementor-widget elementor-widget-heading\" data-id=\"3d07e0e\" data-element_type=\"widget\" data-e-type=\"widget\" data-widget_type=\"heading.default\">\n\t\t\t\t<div class=\"elementor-widget-container\">\n\t\t\t\t\t<h4 class=\"elementor-heading-title elementor-size-default\">Accessoir<\/h4>\t\t\t\t<\/div>\n\t\t\t\t<\/div>\n\t\t\t\t<\/div>\n\t\t\t\t\t<\/div>\n\t\t\t\t<\/div>\n\t\t\t\t\t\t\t\t<\/div>\n\t\t\t\t\t\t\t\t\t\t\t<div class=\"swiper-slide\" data-slide=\"3\" role=\"group\" aria-roledescription=\"slide\" aria-label=\"3 von 4\">\n\t\t\t\t\t\t\t<div class=\"elementor-element elementor-element-3a7b40d e-flex e-con-boxed e-con e-child\" data-id=\"3a7b40d\" data-element_type=\"container\" data-e-type=\"container\">\n\t\t\t\t\t<div class=\"e-con-inner\">\n\t\t<div class=\"elementor-element elementor-element-d494c68 e-con-full e-flex e-con e-child\" data-id=\"d494c68\" data-element_type=\"container\" data-e-type=\"container\">\n\t\t\t\t<div class=\"elementor-element elementor-element-9c6a3ae elementor-widget__width-auto elementor-widget elementor-widget-image\" data-id=\"9c6a3ae\" data-element_type=\"widget\" data-e-type=\"widget\" data-widget_type=\"image.default\">\n\t\t\t\t<div class=\"elementor-widget-container\">\n\t\t\t\t\t\t\t\t\t\t\t\t\t\t\t\t<a href=\"#elementor-action%3Aaction%3Dpopup%3Aopen%26settings%3DeyJpZCI6IjI5OCIsInRvZ2dsZSI6ZmFsc2V9\">\n\t\t\t\t\t\t\t<img loading=\"lazy\" decoding=\"async\" width=\"800\" height=\"800\" src=\"https:\/\/guetiseel.ch\/wp-content\/uploads\/2024\/11\/Lava_bead_angel_charm.webp\" class=\"attachment-large size-large wp-image-248\" alt=\"\" srcset=\"https:\/\/guetiseel.ch\/wp-content\/uploads\/2024\/11\/Lava_bead_angel_charm.webp 1024w, https:\/\/guetiseel.ch\/wp-content\/uploads\/2024\/11\/Lava_bead_angel_charm-300x300.webp 300w, https:\/\/guetiseel.ch\/wp-content\/uploads\/2024\/11\/Lava_bead_angel_charm-150x150.webp 150w, https:\/\/guetiseel.ch\/wp-content\/uploads\/2024\/11\/Lava_bead_angel_charm-768x768.webp 768w\" sizes=\"(max-width: 800px) 100vw, 800px\" \/>\t\t\t\t\t\t\t\t<\/a>\n\t\t\t\t\t\t\t\t\t\t\t\t\t\t\t<\/div>\n\t\t\t\t<\/div>\n\t\t\t\t<div class=\"elementor-element elementor-element-bf4a91a elementor-widget elementor-widget-heading\" data-id=\"bf4a91a\" data-element_type=\"widget\" data-e-type=\"widget\" data-widget_type=\"heading.default\">\n\t\t\t\t<div class=\"elementor-widget-container\">\n\t\t\t\t\t<h4 class=\"elementor-heading-title elementor-size-default\">Anh\u00e4nger<\/h4>\t\t\t\t<\/div>\n\t\t\t\t<\/div>\n\t\t\t\t<\/div>\n\t\t\t\t\t<\/div>\n\t\t\t\t<\/div>\n\t\t\t\t\t\t\t\t<\/div>\n\t\t\t\t\t\t\t\t\t\t\t<div class=\"swiper-slide\" data-slide=\"4\" role=\"group\" aria-roledescription=\"slide\" aria-label=\"4 von 4\">\n\t\t\t\t\t\t\t<div class=\"elementor-element elementor-element-64efcfa e-flex e-con-boxed e-con e-child\" data-id=\"64efcfa\" data-element_type=\"container\" data-e-type=\"container\">\n\t\t\t\t\t<div class=\"e-con-inner\">\n\t\t<div class=\"elementor-element elementor-element-cd0829e e-con-full e-flex e-con e-child\" data-id=\"cd0829e\" data-element_type=\"container\" data-e-type=\"container\">\n\t\t\t\t<div class=\"elementor-element elementor-element-397f88b elementor-widget__width-auto elementor-widget elementor-widget-image\" data-id=\"397f88b\" data-element_type=\"widget\" data-e-type=\"widget\" data-widget_type=\"image.default\">\n\t\t\t\t<div class=\"elementor-widget-container\">\n\t\t\t\t\t\t\t\t\t\t\t\t\t\t\t\t<a href=\"#elementor-action%3Aaction%3Dpopup%3Aopen%26settings%3DeyJpZCI6IjMxNSIsInRvZ2dsZSI6ZmFsc2V9\">\n\t\t\t\t\t\t\t<img loading=\"lazy\" decoding=\"async\" width=\"800\" height=\"800\" src=\"https:\/\/guetiseel.ch\/wp-content\/uploads\/2024\/11\/Felted_wool_angel_figure_converted_to_jpg_final.webp\" class=\"attachment-large size-large wp-image-312\" alt=\"\" srcset=\"https:\/\/guetiseel.ch\/wp-content\/uploads\/2024\/11\/Felted_wool_angel_figure_converted_to_jpg_final.webp 1024w, https:\/\/guetiseel.ch\/wp-content\/uploads\/2024\/11\/Felted_wool_angel_figure_converted_to_jpg_final-300x300.webp 300w, https:\/\/guetiseel.ch\/wp-content\/uploads\/2024\/11\/Felted_wool_angel_figure_converted_to_jpg_final-150x150.webp 150w, https:\/\/guetiseel.ch\/wp-content\/uploads\/2024\/11\/Felted_wool_angel_figure_converted_to_jpg_final-768x768.webp 768w\" sizes=\"(max-width: 800px) 100vw, 800px\" \/>\t\t\t\t\t\t\t\t<\/a>\n\t\t\t\t\t\t\t\t\t\t\t\t\t\t\t<\/div>\n\t\t\t\t<\/div>\n\t\t\t\t<div class=\"elementor-element elementor-element-f44e280 elementor-widget elementor-widget-heading\" data-id=\"f44e280\" data-element_type=\"widget\" data-e-type=\"widget\" data-widget_type=\"heading.default\">\n\t\t\t\t<div class=\"elementor-widget-container\">\n\t\t\t\t\t<h4 class=\"elementor-heading-title elementor-size-default\">Filzengel<\/h4>\t\t\t\t<\/div>\n\t\t\t\t<\/div>\n\t\t\t\t<\/div>\n\t\t\t\t\t<\/div>\n\t\t\t\t<\/div>\n\t\t\t\t\t\t\t\t<\/div>\n\t\t\t\t\t\t\t\t<\/div>\n\t\t<\/div>\n\t\t\t\t\t<div class=\"elementor-swiper-button elementor-swiper-button-prev\" role=\"button\" tabindex=\"0\" aria-label=\"Voriger\">\n\t\t\t\t<svg aria-hidden=\"true\" class=\"e-font-icon-svg e-eicon-chevron-left\" viewBox=\"0 0 1000 1000\" xmlns=\"http:\/\/www.w3.org\/2000\/svg\"><path d=\"M646 125C629 125 613 133 604 142L308 442C296 454 292 471 292 487 292 504 296 521 308 533L604 854C617 867 629 875 646 875 663 875 679 871 692 858 704 846 713 829 713 812 713 796 708 779 692 767L438 487 692 225C700 217 708 204 708 187 708 171 704 154 692 142 675 129 663 125 646 125Z\"><\/path><\/svg>\t\t\t<\/div>\n\t\t\t<div class=\"elementor-swiper-button elementor-swiper-button-next\" role=\"button\" tabindex=\"0\" aria-label=\"N\u00e4chster\">\n\t\t\t\t<svg aria-hidden=\"true\" class=\"e-font-icon-svg e-eicon-chevron-right\" viewBox=\"0 0 1000 1000\" xmlns=\"http:\/\/www.w3.org\/2000\/svg\"><path d=\"M696 533C708 521 713 504 713 487 713 471 708 454 696 446L400 146C388 133 375 125 354 125 338 125 325 129 313 142 300 154 292 171 292 187 292 204 296 221 308 233L563 492 304 771C292 783 288 800 288 817 288 833 296 850 308 863 321 871 338 875 354 875 371 875 388 867 400 854L696 533Z\"><\/path><\/svg>\t\t\t<\/div>\n\t\t\t\t\t<div class=\"swiper-pagination\"><\/div>\n\t\t\t\t\t\t<\/div>\n\t\t\t\t<\/div>\n\t\t\t\t\t<\/div>\n\t\t\t\t<\/div>\n\t\t<div class=\"elementor-element elementor-element-1e45447 e-flex e-con-boxed e-con e-parent\" data-id=\"1e45447\" data-element_type=\"container\" data-e-type=\"container\">\n\t\t\t\t\t<div class=\"e-con-inner\">\n\t\t\t\t\t<\/div>\n\t\t\t\t<\/div>\n\t\t<div class=\"elementor-element elementor-element-7dd6738 e-flex e-con-boxed e-con e-parent\" data-id=\"7dd6738\" data-element_type=\"container\" data-e-type=\"container\">\n\t\t\t\t\t<div class=\"e-con-inner\">\n\t\t<div class=\"elementor-element elementor-element-e9f49b4 e-con-full elementor-hidden-mobile e-flex e-con e-child\" data-id=\"e9f49b4\" data-element_type=\"container\" data-e-type=\"container\">\n\t\t\t\t<div class=\"elementor-element elementor-element-3298814 elementor-widget elementor-widget-heading\" data-id=\"3298814\" data-element_type=\"widget\" data-e-type=\"widget\" data-widget_type=\"heading.default\">\n\t\t\t\t<div class=\"elementor-widget-container\">\n\t\t\t\t\t<h2 class=\"elementor-heading-title elementor-size-default\">Mala-Ketten<\/h2>\t\t\t\t<\/div>\n\t\t\t\t<\/div>\n\t\t\t\t<div class=\"elementor-element elementor-element-feae344 elementor-widget elementor-widget-text-editor\" data-id=\"feae344\" data-element_type=\"widget\" data-e-type=\"widget\" data-widget_type=\"text-editor.default\">\n\t\t\t\t<div class=\"elementor-widget-container\">\n\t\t\t\t\t\t\t\t\t<p>Meine handgefertigten Mala-Ketten sind mehr als nur Schmuck \u2013 sie sind kraftvolle Begleiter f\u00fcr deine Meditation und ein Symbol f\u00fcr Achtsamkeit und innere Ruhe. Jede Kette besteht aus 108 sorgf\u00e4ltig ausgew\u00e4hlten Perlen, darunter edle Steinperlen und Lavaperlen, die harmonisch miteinander kombiniert werden.<\/p><p>Die Mala-Kette kann als Meditationshilfe verwendet werden, um deine Atemz\u00fcge oder Mantras zu z\u00e4hlen, oder einfach als stilvolles Accessoire, das deine pers\u00f6nliche Energie unterst\u00fctzt. Die Steinperlen verleihen der Kette ihre einzigartige Wirkung: Ob Rosenquarz f\u00fcr Herzensw\u00e4rme, Amethyst f\u00fcr spirituelle Klarheit oder Onyx f\u00fcr Schutz \u2013 die Auswahl der Steine erfolgt individuell und mit Bedacht.<\/p><p>Die Lavaperlen dienen zudem als Dufttr\u00e4ger f\u00fcr \u00e4therische \u00d6le, sodass du deine Mala-Kette personalisieren und dich den ganzen Tag von deinem Lieblingsduft begleiten lassen kannst. Ein paar Tropfen \u00e4therisches \u00d6l gen\u00fcgen, und die wohltuenden Aromen entfalten ihre Wirkung.<\/p><p>Ob als spiritueller Begleiter oder als besonderes Geschenk f\u00fcr einen lieben Menschen \u2013 jede Mala-Kette ist ein Unikat, das mit viel Liebe und Achtsamkeit gefertigt wird.<\/p>\t\t\t\t\t\t\t\t<\/div>\n\t\t\t\t<\/div>\n\t\t\t\t<\/div>\n\t\t<div class=\"elementor-element elementor-element-8389821 e-con-full elementor-hidden-desktop elementor-hidden-tablet e-flex e-con e-child\" data-id=\"8389821\" data-element_type=\"container\" data-e-type=\"container\">\n\t\t\t\t<div class=\"elementor-element elementor-element-6a5938b elementor-widget elementor-widget-heading\" data-id=\"6a5938b\" data-element_type=\"widget\" data-e-type=\"widget\" data-widget_type=\"heading.default\">\n\t\t\t\t<div class=\"elementor-widget-container\">\n\t\t\t\t\t<h2 class=\"elementor-heading-title elementor-size-default\">Mala-Ketten<\/h2>\t\t\t\t<\/div>\n\t\t\t\t<\/div>\n\t\t\t\t<div class=\"elementor-element elementor-element-ccf1a44 elementor-widget elementor-widget-image\" data-id=\"ccf1a44\" data-element_type=\"widget\" data-e-type=\"widget\" data-widget_type=\"image.default\">\n\t\t\t\t<div class=\"elementor-widget-container\">\n\t\t\t\t\t\t\t\t\t\t\t\t\t\t\t<img loading=\"lazy\" decoding=\"async\" width=\"800\" height=\"800\" src=\"https:\/\/guetiseel.ch\/wp-content\/uploads\/2024\/11\/Seamless_wood_background_extended.webp\" class=\"attachment-large size-large wp-image-327\" alt=\"\" srcset=\"https:\/\/guetiseel.ch\/wp-content\/uploads\/2024\/11\/Seamless_wood_background_extended.webp 1024w, https:\/\/guetiseel.ch\/wp-content\/uploads\/2024\/11\/Seamless_wood_background_extended-300x300.webp 300w, https:\/\/guetiseel.ch\/wp-content\/uploads\/2024\/11\/Seamless_wood_background_extended-150x150.webp 150w, https:\/\/guetiseel.ch\/wp-content\/uploads\/2024\/11\/Seamless_wood_background_extended-768x768.webp 768w\" sizes=\"(max-width: 800px) 100vw, 800px\" \/>\t\t\t\t\t\t\t\t\t\t\t\t\t\t\t<\/div>\n\t\t\t\t<\/div>\n\t\t\t\t<div class=\"elementor-element elementor-element-3634307 elementor-widget elementor-widget-n-accordion\" data-id=\"3634307\" data-element_type=\"widget\" data-e-type=\"widget\" data-settings=\"{&quot;default_state&quot;:&quot;all_collapsed&quot;,&quot;max_items_expended&quot;:&quot;one&quot;,&quot;n_accordion_animation_duration&quot;:{&quot;unit&quot;:&quot;ms&quot;,&quot;size&quot;:400,&quot;sizes&quot;:[]}}\" data-widget_type=\"nested-accordion.default\">\n\t\t\t\t<div class=\"elementor-widget-container\">\n\t\t\t\t\t\t\t<div class=\"e-n-accordion\" aria-label=\"Accordion. Open links with Enter or Space, close with Escape, and navigate with Arrow Keys\">\n\t\t\t\t\t\t<details id=\"e-n-accordion-item-5680\" class=\"e-n-accordion-item\" >\n\t\t\t\t<summary class=\"e-n-accordion-item-title\" data-accordion-index=\"1\" tabindex=\"0\" aria-expanded=\"false\" aria-controls=\"e-n-accordion-item-5680\" >\n\t\t\t\t\t<span class='e-n-accordion-item-title-header'><div class=\"e-n-accordion-item-title-text\"> Meine handgefertigten Mala-Ketten sind mehr als nur Schmuck \u2013 sie sind kraftvolle Begleiter f\u00fcr deine Meditation und ein Symbol f\u00fcr Achtsamkeit und innere Ruhe. Jede Kette besteht aus 108 sorgf\u00e4ltig ausgew\u00e4hlten Perlen, darunter... <\/div><\/span>\n\t\t\t\t\t\t\t\t\t<\/summary>\n\t\t\t\t<div role=\"region\" aria-labelledby=\"e-n-accordion-item-5680\" class=\"elementor-element elementor-element-1d46665 e-con-full e-flex e-con e-child\" data-id=\"1d46665\" data-element_type=\"container\" data-e-type=\"container\">\n\t\t\t\t<div class=\"elementor-element elementor-element-adfc670 elementor-widget elementor-widget-text-editor\" data-id=\"adfc670\" data-element_type=\"widget\" data-e-type=\"widget\" data-widget_type=\"text-editor.default\">\n\t\t\t\t<div class=\"elementor-widget-container\">\n\t\t\t\t\t\t\t\t\t<p>&#8230;<\/p><p>edle Steinperlen und Lavaperlen, die harmonisch miteinander kombiniert werden.<\/p><p>Die Mala-Kette kann als Meditationshilfe verwendet werden, um deine Atemz\u00fcge oder Mantras zu z\u00e4hlen, oder einfach als stilvolles Accessoire, das deine pers\u00f6nliche Energie unterst\u00fctzt. Die Steinperlen verleihen der Kette ihre einzigartige Wirkung: Ob Rosenquarz f\u00fcr Herzensw\u00e4rme, Amethyst f\u00fcr spirituelle Klarheit oder Onyx f\u00fcr Schutz \u2013 die Auswahl der Steine erfolgt individuell und mit Bedacht.<\/p><p>Die Lavaperlen dienen zudem als Dufttr\u00e4ger f\u00fcr \u00e4therische \u00d6le, sodass du deine Mala-Kette personalisieren und dich den ganzen Tag von deinem Lieblingsduft begleiten lassen kannst. Ein paar Tropfen \u00e4therisches \u00d6l gen\u00fcgen, und die wohltuenden Aromen entfalten ihre Wirkung.<\/p><p>Ob als spiritueller Begleiter oder als besonderes Geschenk f\u00fcr einen lieben Menschen \u2013 jede Mala-Kette ist ein Unikat, das mit viel Liebe und Achtsamkeit gefertigt wird.<\/p>\t\t\t\t\t\t\t\t<\/div>\n\t\t\t\t<\/div>\n\t\t\t\t<\/div>\n\t\t\t\t\t<\/details>\n\t\t\t\t\t<\/div>\n\t\t\t\t\t\t<\/div>\n\t\t\t\t<\/div>\n\t\t\t\t<\/div>\n\t\t<div class=\"elementor-element elementor-element-74107d7 e-con-full elementor-hidden-mobile e-flex e-con e-child\" data-id=\"74107d7\" data-element_type=\"container\" data-e-type=\"container\" data-settings=\"{&quot;background_background&quot;:&quot;classic&quot;}\">\n\t\t\t\t<\/div>\n\t\t\t\t\t<\/div>\n\t\t\t\t<\/div>\n\t\t<div class=\"elementor-element elementor-element-c2c0ed4 e-flex e-con-boxed e-con e-parent\" data-id=\"c2c0ed4\" data-element_type=\"container\" data-e-type=\"container\">\n\t\t\t\t\t<div class=\"e-con-inner\">\n\t\t<div class=\"elementor-element elementor-element-a41f706 e-con-full elementor-hidden-mobile e-flex e-con e-child\" data-id=\"a41f706\" data-element_type=\"container\" data-e-type=\"container\" data-settings=\"{&quot;background_background&quot;:&quot;classic&quot;}\">\n\t\t<div class=\"elementor-element elementor-element-68199c1 e-con-full e-flex e-con e-child\" data-id=\"68199c1\" data-element_type=\"container\" data-e-type=\"container\" data-settings=\"{&quot;background_background&quot;:&quot;classic&quot;}\">\n\t\t\t\t<\/div>\n\t\t\t\t<\/div>\n\t\t<div class=\"elementor-element elementor-element-34113df e-con-full elementor-hidden-desktop elementor-hidden-tablet e-flex e-con e-child\" data-id=\"34113df\" data-element_type=\"container\" data-e-type=\"container\">\n\t\t\t\t<div class=\"elementor-element elementor-element-1d83948 elementor-widget elementor-widget-heading\" data-id=\"1d83948\" data-element_type=\"widget\" data-e-type=\"widget\" data-widget_type=\"heading.default\">\n\t\t\t\t<div class=\"elementor-widget-container\">\n\t\t\t\t\t<h2 class=\"elementor-heading-title elementor-size-default\">Portemonnaie-Kette<\/h2>\t\t\t\t<\/div>\n\t\t\t\t<\/div>\n\t\t\t\t<div class=\"elementor-element elementor-element-f1b182e elementor-widget elementor-widget-image\" data-id=\"f1b182e\" data-element_type=\"widget\" data-e-type=\"widget\" data-widget_type=\"image.default\">\n\t\t\t\t<div class=\"elementor-widget-container\">\n\t\t\t\t\t\t\t\t\t\t\t\t\t\t\t<img loading=\"lazy\" decoding=\"async\" width=\"800\" height=\"800\" src=\"https:\/\/guetiseel.ch\/wp-content\/uploads\/2024\/11\/WhatsApp-Image-2024-11-18-at-22.36.40-1024x1024.webp\" class=\"attachment-large size-large wp-image-330\" alt=\"\" srcset=\"https:\/\/guetiseel.ch\/wp-content\/uploads\/2024\/11\/WhatsApp-Image-2024-11-18-at-22.36.40-1024x1024.webp 1024w, https:\/\/guetiseel.ch\/wp-content\/uploads\/2024\/11\/WhatsApp-Image-2024-11-18-at-22.36.40-300x300.webp 300w, https:\/\/guetiseel.ch\/wp-content\/uploads\/2024\/11\/WhatsApp-Image-2024-11-18-at-22.36.40-150x150.webp 150w, https:\/\/guetiseel.ch\/wp-content\/uploads\/2024\/11\/WhatsApp-Image-2024-11-18-at-22.36.40-768x768.webp 768w, https:\/\/guetiseel.ch\/wp-content\/uploads\/2024\/11\/WhatsApp-Image-2024-11-18-at-22.36.40-1536x1536.webp 1536w, https:\/\/guetiseel.ch\/wp-content\/uploads\/2024\/11\/WhatsApp-Image-2024-11-18-at-22.36.40.webp 1920w\" sizes=\"(max-width: 800px) 100vw, 800px\" \/>\t\t\t\t\t\t\t\t\t\t\t\t\t\t\t<\/div>\n\t\t\t\t<\/div>\n\t\t\t\t<div class=\"elementor-element elementor-element-dfbc4ef elementor-widget elementor-widget-n-accordion\" data-id=\"dfbc4ef\" data-element_type=\"widget\" data-e-type=\"widget\" data-settings=\"{&quot;default_state&quot;:&quot;all_collapsed&quot;,&quot;max_items_expended&quot;:&quot;one&quot;,&quot;n_accordion_animation_duration&quot;:{&quot;unit&quot;:&quot;ms&quot;,&quot;size&quot;:400,&quot;sizes&quot;:[]}}\" data-widget_type=\"nested-accordion.default\">\n\t\t\t\t<div class=\"elementor-widget-container\">\n\t\t\t\t\t\t\t<div class=\"e-n-accordion\" aria-label=\"Accordion. Open links with Enter or Space, close with Escape, and navigate with Arrow Keys\">\n\t\t\t\t\t\t<details id=\"e-n-accordion-item-2340\" class=\"e-n-accordion-item\" >\n\t\t\t\t<summary class=\"e-n-accordion-item-title\" data-accordion-index=\"1\" tabindex=\"0\" aria-expanded=\"false\" aria-controls=\"e-n-accordion-item-2340\" >\n\t\t\t\t\t<span class='e-n-accordion-item-title-header'><div class=\"e-n-accordion-item-title-text\"> Meine handgefertigten Portemonnaie-Ketten sind mehr als nur ein praktisches Detail \u2013 sie sind ein stilvolles Accessoire, das deinem Look das gewisse Etwas verleiht. Die Ketten bestehen aus einer Kombination von edlen Steinperlen und Metallgliedern, die harmonisch... <\/div><\/span>\n\t\t\t\t\t\t\t\t\t<\/summary>\n\t\t\t\t<div role=\"region\" aria-labelledby=\"e-n-accordion-item-2340\" class=\"elementor-element elementor-element-4652461 e-con-full e-flex e-con e-child\" data-id=\"4652461\" data-element_type=\"container\" data-e-type=\"container\">\n\t\t\t\t<div class=\"elementor-element elementor-element-3e41fb4 elementor-widget elementor-widget-text-editor\" data-id=\"3e41fb4\" data-element_type=\"widget\" data-e-type=\"widget\" data-widget_type=\"text-editor.default\">\n\t\t\t\t<div class=\"elementor-widget-container\">\n\t\t\t\t\t\t\t\t\t<p>&#8230;miteinander verarbeitet werden und so ein elegantes, zugleich robustes Design schaffen.<\/p><p>Jede Steinperle wird sorgf\u00e4ltig ausgew\u00e4hlt und kann in verschiedenen Farben und Bedeutungen gestaltet werden, je nach deinem pers\u00f6nlichen Stil. Ob schlichter Onyx, farbenfroher Jaspis oder beruhigender Howlith \u2013 diese Perlen machen deine Portemonnaie-Kette zu einem einzigartigen Schmuckst\u00fcck.<\/p><p>Die Kette l\u00e4sst sich mithilfe eines stabilen Karabinerhakens ganz einfach an deinem Portemonnaie befestigen und kann auch an Taschen oder G\u00fcrtelschlaufen getragen werden. Sie ist nicht nur ein modisches Accessoire, sondern bringt auch ein bisschen Eleganz und Natur in deinen Alltag.<\/p>\t\t\t\t\t\t\t\t<\/div>\n\t\t\t\t<\/div>\n\t\t\t\t<\/div>\n\t\t\t\t\t<\/details>\n\t\t\t\t\t<\/div>\n\t\t\t\t\t\t<\/div>\n\t\t\t\t<\/div>\n\t\t\t\t<\/div>\n\t\t<div class=\"elementor-element elementor-element-26458da e-con-full elementor-hidden-mobile e-flex e-con e-child\" data-id=\"26458da\" data-element_type=\"container\" data-e-type=\"container\">\n\t\t\t\t<div class=\"elementor-element elementor-element-6102e32 elementor-widget elementor-widget-heading\" data-id=\"6102e32\" data-element_type=\"widget\" data-e-type=\"widget\" data-widget_type=\"heading.default\">\n\t\t\t\t<div class=\"elementor-widget-container\">\n\t\t\t\t\t<h2 class=\"elementor-heading-title elementor-size-default\">Portemonnaie-Kette<\/h2>\t\t\t\t<\/div>\n\t\t\t\t<\/div>\n\t\t\t\t<div class=\"elementor-element elementor-element-fc1e315 elementor-widget elementor-widget-text-editor\" data-id=\"fc1e315\" data-element_type=\"widget\" data-e-type=\"widget\" data-widget_type=\"text-editor.default\">\n\t\t\t\t<div class=\"elementor-widget-container\">\n\t\t\t\t\t\t\t\t\t<p>Meine handgefertigten Portemonnaie-Ketten sind mehr als nur ein praktisches Detail \u2013 sie sind ein stilvolles Accessoire, das deinem Look das gewisse Etwas verleiht. Die Ketten bestehen aus einer Kombination von edlen Steinperlen und Metallgliedern, die harmonisch miteinander verarbeitet werden und so ein elegantes, zugleich robustes Design schaffen.<\/p><p>Jede Steinperle wird sorgf\u00e4ltig ausgew\u00e4hlt und kann in verschiedenen Farben und Bedeutungen gestaltet werden, je nach deinem pers\u00f6nlichen Stil. Ob schlichter Onyx, farbenfroher Jaspis oder beruhigender Howlith \u2013 diese Perlen machen deine Portemonnaie-Kette zu einem einzigartigen Schmuckst\u00fcck.<\/p><p>Die Kette l\u00e4sst sich mithilfe eines stabilen Karabinerhakens ganz einfach an deinem Portemonnaie befestigen und kann auch an Taschen oder G\u00fcrtelschlaufen getragen werden. Sie ist nicht nur ein modisches Accessoire, sondern bringt auch ein bisschen Eleganz und Natur in deinen Alltag.<\/p>\t\t\t\t\t\t\t\t<\/div>\n\t\t\t\t<\/div>\n\t\t\t\t<\/div>\n\t\t\t\t\t<\/div>\n\t\t\t\t<\/div>\n\t\t<div class=\"elementor-element elementor-element-89a9737 e-flex e-con-boxed e-con e-parent\" data-id=\"89a9737\" data-element_type=\"container\" data-e-type=\"container\">\n\t\t\t\t\t<div class=\"e-con-inner\">\n\t\t\t\t<div class=\"elementor-element elementor-element-9e94a54 elementor-arrows-yes elementor-pagination-type-bullets elementor--star-style-star_fontawesome elementor-widget elementor-widget-reviews\" data-id=\"9e94a54\" data-element_type=\"widget\" data-e-type=\"widget\" data-settings=\"{&quot;autoplay_speed&quot;:15000,&quot;show_arrows&quot;:&quot;yes&quot;,&quot;pagination&quot;:&quot;bullets&quot;,&quot;speed&quot;:500,&quot;autoplay&quot;:&quot;yes&quot;,&quot;loop&quot;:&quot;yes&quot;,&quot;pause_on_hover&quot;:&quot;yes&quot;,&quot;pause_on_interaction&quot;:&quot;yes&quot;,&quot;space_between&quot;:{&quot;unit&quot;:&quot;px&quot;,&quot;size&quot;:10,&quot;sizes&quot;:[]},&quot;space_between_tablet&quot;:{&quot;unit&quot;:&quot;px&quot;,&quot;size&quot;:10,&quot;sizes&quot;:[]},&quot;space_between_mobile&quot;:{&quot;unit&quot;:&quot;px&quot;,&quot;size&quot;:10,&quot;sizes&quot;:[]}}\" data-widget_type=\"reviews.default\">\n\t\t\t\t<div class=\"elementor-widget-container\">\n\t\t\t\t\t\t\t\t\t<div class=\"elementor-swiper\">\n\t\t\t\t\t<div class=\"elementor-main-swiper swiper\" role=\"region\" aria-roledescription=\"carousel\" aria-label=\"Slider\">\n\t\t\t\t<div class=\"swiper-wrapper\">\n\t\t\t\t\t\t\t\t\t\t\t<div class=\"swiper-slide\" role=\"group\" aria-roledescription=\"slide\">\n\t\t\t\t\t\t\t\t\t<div class=\"elementor-testimonial elementor-repeater-item-56b93fe\">\n\t\t\t\t\t\t\t<div class=\"elementor-testimonial__header\">\n\t\t\t\t\t\t\t\t\t\t<cite class=\"elementor-testimonial__cite\"><span class=\"elementor-testimonial__name\">A.G.<\/span><span class=\"elementor-testimonial__title\">Beinwil (Freiamt)<\/span><\/cite>\t\t\t\t\t<div class=\"elementor-testimonial__icon elementor-icon elementor-icon-\" aria-label=\"Weiterlesen\"><\/div>\t\t\t\t<\/div>\n\t\t\t\t\t\t\t\t\t\t<div class=\"elementor-testimonial__content\">\n\t\t\t\t\t<div class=\"elementor-testimonial__text\">\n\t\t\t\t\t\t\u201eVielen Dank f\u00fcr das wundersch\u00f6ne Armband und den feinen Duft dazu.\u201c\t\t\t\t\t<\/div>\n\t\t\t\t<\/div>\n\t\t\t\t\t<\/div>\n\t\t\t\t\t\t\t\t<\/div>\n\t\t\t\t\t\t\t\t\t<\/div>\n\t\t\t\t\t\t\t<\/div>\n\t\t\t\t<\/div>\n\t\t\t\t\t\t\t\t<\/div>\n\t\t\t\t<\/div>\n\t\t\t\t\t<\/div>\n\t\t\t\t<\/div>\n\t\t<div class=\"elementor-element elementor-element-41f5e6f e-flex e-con-boxed e-con e-parent\" data-id=\"41f5e6f\" data-element_type=\"container\" data-e-type=\"container\">\n\t\t\t\t\t<div class=\"e-con-inner\">\n\t\t\t\t\t<\/div>\n\t\t\t\t<\/div>\n\t\t<div class=\"elementor-element elementor-element-bc8a5b5 e-flex e-con-boxed e-con e-parent\" data-id=\"bc8a5b5\" data-element_type=\"container\" data-e-type=\"container\">\n\t\t\t\t\t<div class=\"e-con-inner\">\n\t\t<div class=\"elementor-element elementor-element-a98dae8 e-con-full elementor-hidden-mobile e-flex e-con e-child\" data-id=\"a98dae8\" data-element_type=\"container\" data-e-type=\"container\">\n\t\t\t\t<div class=\"elementor-element elementor-element-ec9f31f elementor-widget elementor-widget-heading\" data-id=\"ec9f31f\" data-element_type=\"widget\" data-e-type=\"widget\" data-widget_type=\"heading.default\">\n\t\t\t\t<div class=\"elementor-widget-container\">\n\t\t\t\t\t<h2 class=\"elementor-heading-title elementor-size-default\">Rosenkranz <\/h2>\t\t\t\t<\/div>\n\t\t\t\t<\/div>\n\t\t\t\t<div class=\"elementor-element elementor-element-8251978 elementor-widget elementor-widget-text-editor\" data-id=\"8251978\" data-element_type=\"widget\" data-e-type=\"widget\" data-widget_type=\"text-editor.default\">\n\t\t\t\t<div class=\"elementor-widget-container\">\n\t\t\t\t\t\t\t\t\t<p>Meine handgefertigten Rosenkr\u00e4nze sind liebevoll gestaltete Gebetsketten, die aus edlen Perlen und hochwertigen Materialien gefertigt werden. Der Rosenkranz ist ein spirituelles Werkzeug, das dir dabei hilft, zur Ruhe zu kommen, dich zu fokussieren und deine Gebete zu vertiefen. Jeder Rosenkranz wird mit Sorgfalt und Achtsamkeit gefertigt, damit er nicht nur sch\u00f6n aussieht, sondern auch eine besondere spirituelle Energie tr\u00e4gt.<\/p><p>Die Perlen, die ich verwende, k\u00f6nnen aus nat\u00fcrlichen Steinperlen, Holz oder Lavaperlen bestehen \u2013 je nachdem, welche Materialien dir am meisten zusagen. Jede Perle hat ihre eigene Bedeutung und kann dich auf deinem spirituellen Weg begleiten.<\/p><p>Ob f\u00fcr dich selbst oder als besonderes Geschenk f\u00fcr einen geliebten Menschen \u2013 ein handgefertigter Rosenkranz ist ein Symbol des Glaubens, der Verbundenheit und der Liebe. Trage ihn als pers\u00f6nlichen Talisman oder verwende ihn f\u00fcr deine t\u00e4glichen Gebete und Meditationen.<\/p>\t\t\t\t\t\t\t\t<\/div>\n\t\t\t\t<\/div>\n\t\t\t\t<\/div>\n\t\t<div class=\"elementor-element elementor-element-b2f223a e-con-full elementor-hidden-desktop elementor-hidden-tablet e-flex e-con e-child\" data-id=\"b2f223a\" data-element_type=\"container\" data-e-type=\"container\">\n\t\t\t\t<div class=\"elementor-element elementor-element-e9664b3 elementor-widget elementor-widget-heading\" data-id=\"e9664b3\" data-element_type=\"widget\" data-e-type=\"widget\" data-widget_type=\"heading.default\">\n\t\t\t\t<div class=\"elementor-widget-container\">\n\t\t\t\t\t<h2 class=\"elementor-heading-title elementor-size-default\">Rosenkranz <\/h2>\t\t\t\t<\/div>\n\t\t\t\t<\/div>\n\t\t\t\t<div class=\"elementor-element elementor-element-33647ed elementor-widget elementor-widget-image\" data-id=\"33647ed\" data-element_type=\"widget\" data-e-type=\"widget\" data-widget_type=\"image.default\">\n\t\t\t\t<div class=\"elementor-widget-container\">\n\t\t\t\t\t\t\t\t\t\t\t\t\t\t\t<img loading=\"lazy\" decoding=\"async\" width=\"800\" height=\"800\" src=\"https:\/\/guetiseel.ch\/wp-content\/uploads\/2024\/11\/Rolled_rosary_necklace.webp\" class=\"attachment-large size-large wp-image-329\" alt=\"\" srcset=\"https:\/\/guetiseel.ch\/wp-content\/uploads\/2024\/11\/Rolled_rosary_necklace.webp 1024w, https:\/\/guetiseel.ch\/wp-content\/uploads\/2024\/11\/Rolled_rosary_necklace-300x300.webp 300w, https:\/\/guetiseel.ch\/wp-content\/uploads\/2024\/11\/Rolled_rosary_necklace-150x150.webp 150w, https:\/\/guetiseel.ch\/wp-content\/uploads\/2024\/11\/Rolled_rosary_necklace-768x768.webp 768w\" sizes=\"(max-width: 800px) 100vw, 800px\" \/>\t\t\t\t\t\t\t\t\t\t\t\t\t\t\t<\/div>\n\t\t\t\t<\/div>\n\t\t\t\t<div class=\"elementor-element elementor-element-1778e4b elementor-widget elementor-widget-n-accordion\" data-id=\"1778e4b\" data-element_type=\"widget\" data-e-type=\"widget\" data-settings=\"{&quot;default_state&quot;:&quot;all_collapsed&quot;,&quot;max_items_expended&quot;:&quot;one&quot;,&quot;n_accordion_animation_duration&quot;:{&quot;unit&quot;:&quot;ms&quot;,&quot;size&quot;:400,&quot;sizes&quot;:[]}}\" data-widget_type=\"nested-accordion.default\">\n\t\t\t\t<div class=\"elementor-widget-container\">\n\t\t\t\t\t\t\t<div class=\"e-n-accordion\" aria-label=\"Accordion. Open links with Enter or Space, close with Escape, and navigate with Arrow Keys\">\n\t\t\t\t\t\t<details id=\"e-n-accordion-item-2460\" class=\"e-n-accordion-item\" >\n\t\t\t\t<summary class=\"e-n-accordion-item-title\" data-accordion-index=\"1\" tabindex=\"0\" aria-expanded=\"false\" aria-controls=\"e-n-accordion-item-2460\" >\n\t\t\t\t\t<span class='e-n-accordion-item-title-header'><div class=\"e-n-accordion-item-title-text\"> Meine handgefertigten Rosenkr\u00e4nze sind liebevoll gestaltete Gebetsketten, die aus edlen Perlen und hochwertigen Materialien gefertigt werden. Der Rosenkranz ist ein spirituelles Werkzeug, das dir dabei hilft, zur Ruhe zu kommen, dich zu fokussieren und deine Gebete zu vertiefen. Jeder Rosenkranz... <\/div><\/span>\n\t\t\t\t\t\t\t\t\t<\/summary>\n\t\t\t\t<div role=\"region\" aria-labelledby=\"e-n-accordion-item-2460\" class=\"elementor-element elementor-element-f688652 e-con-full e-flex e-con e-child\" data-id=\"f688652\" data-element_type=\"container\" data-e-type=\"container\">\n\t\t\t\t<div class=\"elementor-element elementor-element-0a1f2dd elementor-widget elementor-widget-text-editor\" data-id=\"0a1f2dd\" data-element_type=\"widget\" data-e-type=\"widget\" data-widget_type=\"text-editor.default\">\n\t\t\t\t<div class=\"elementor-widget-container\">\n\t\t\t\t\t\t\t\t\t<p>&#8230;wird mit Sorgfalt und Achtsamkeit gefertigt, damit er nicht nur sch\u00f6n aussieht, sondern auch eine besondere spirituelle Energie tr\u00e4gt.<\/p><p>Die Perlen, die ich verwende, k\u00f6nnen aus nat\u00fcrlichen Steinperlen, Holz oder Lavaperlen bestehen \u2013 je nachdem, welche Materialien dir am meisten zusagen. Jede Perle hat ihre eigene Bedeutung und kann dich auf deinem spirituellen Weg begleiten.<\/p><p>Ob f\u00fcr dich selbst oder als besonderes Geschenk f\u00fcr einen geliebten Menschen \u2013 ein handgefertigter Rosenkranz ist ein Symbol des Glaubens, der Verbundenheit und der Liebe. Trage ihn als pers\u00f6nlichen Talisman oder verwende ihn f\u00fcr deine t\u00e4glichen Gebete und Meditationen.<\/p>\t\t\t\t\t\t\t\t<\/div>\n\t\t\t\t<\/div>\n\t\t\t\t<\/div>\n\t\t\t\t\t<\/details>\n\t\t\t\t\t<\/div>\n\t\t\t\t\t\t<\/div>\n\t\t\t\t<\/div>\n\t\t\t\t<\/div>\n\t\t<div class=\"elementor-element elementor-element-a4fec99 e-con-full elementor-hidden-mobile e-flex e-con e-child\" data-id=\"a4fec99\" data-element_type=\"container\" data-e-type=\"container\" data-settings=\"{&quot;background_background&quot;:&quot;classic&quot;}\">\n\t\t\t\t<\/div>\n\t\t\t\t\t<\/div>\n\t\t\t\t<\/div>\n\t\t<div class=\"elementor-element elementor-element-24578c6 e-flex e-con-boxed e-con e-parent\" data-id=\"24578c6\" data-element_type=\"container\" data-e-type=\"container\">\n\t\t\t\t\t<div class=\"e-con-inner\">\n\t\t<div class=\"elementor-element elementor-element-10cffa8 e-con-full elementor-hidden-mobile e-flex e-con e-child\" data-id=\"10cffa8\" data-element_type=\"container\" data-e-type=\"container\" data-settings=\"{&quot;background_background&quot;:&quot;classic&quot;}\">\n\t\t<div class=\"elementor-element elementor-element-93a4394 e-con-full e-flex e-con e-child\" data-id=\"93a4394\" data-element_type=\"container\" data-e-type=\"container\" data-settings=\"{&quot;background_background&quot;:&quot;classic&quot;}\">\n\t\t\t\t<\/div>\n\t\t\t\t<\/div>\n\t\t<div class=\"elementor-element elementor-element-99829ec e-con-full elementor-hidden-desktop elementor-hidden-tablet e-flex e-con e-child\" data-id=\"99829ec\" data-element_type=\"container\" data-e-type=\"container\">\n\t\t\t\t<div class=\"elementor-element elementor-element-ec40e2a elementor-widget elementor-widget-heading\" data-id=\"ec40e2a\" data-element_type=\"widget\" data-e-type=\"widget\" data-widget_type=\"heading.default\">\n\t\t\t\t<div class=\"elementor-widget-container\">\n\t\t\t\t\t<h2 class=\"elementor-heading-title elementor-size-default\">Lavendelkissen <\/h2>\t\t\t\t<\/div>\n\t\t\t\t<\/div>\n\t\t\t\t<div class=\"elementor-element elementor-element-5f3cd25 elementor-widget elementor-widget-image\" data-id=\"5f3cd25\" data-element_type=\"widget\" data-e-type=\"widget\" data-widget_type=\"image.default\">\n\t\t\t\t<div class=\"elementor-widget-container\">\n\t\t\t\t\t\t\t\t\t\t\t\t\t\t\t<img loading=\"lazy\" decoding=\"async\" width=\"800\" height=\"800\" src=\"https:\/\/guetiseel.ch\/wp-content\/uploads\/2024\/11\/Handmade_lavender_sachets_rustic_style.webp\" class=\"attachment-large size-large wp-image-328\" alt=\"\" srcset=\"https:\/\/guetiseel.ch\/wp-content\/uploads\/2024\/11\/Handmade_lavender_sachets_rustic_style.webp 1024w, https:\/\/guetiseel.ch\/wp-content\/uploads\/2024\/11\/Handmade_lavender_sachets_rustic_style-300x300.webp 300w, https:\/\/guetiseel.ch\/wp-content\/uploads\/2024\/11\/Handmade_lavender_sachets_rustic_style-150x150.webp 150w, https:\/\/guetiseel.ch\/wp-content\/uploads\/2024\/11\/Handmade_lavender_sachets_rustic_style-768x768.webp 768w\" sizes=\"(max-width: 800px) 100vw, 800px\" \/>\t\t\t\t\t\t\t\t\t\t\t\t\t\t\t<\/div>\n\t\t\t\t<\/div>\n\t\t\t\t<div class=\"elementor-element elementor-element-4fee125 elementor-widget elementor-widget-n-accordion\" data-id=\"4fee125\" data-element_type=\"widget\" data-e-type=\"widget\" data-settings=\"{&quot;default_state&quot;:&quot;all_collapsed&quot;,&quot;max_items_expended&quot;:&quot;one&quot;,&quot;n_accordion_animation_duration&quot;:{&quot;unit&quot;:&quot;ms&quot;,&quot;size&quot;:400,&quot;sizes&quot;:[]}}\" data-widget_type=\"nested-accordion.default\">\n\t\t\t\t<div class=\"elementor-widget-container\">\n\t\t\t\t\t\t\t<div class=\"e-n-accordion\" aria-label=\"Accordion. Open links with Enter or Space, close with Escape, and navigate with Arrow Keys\">\n\t\t\t\t\t\t<details id=\"e-n-accordion-item-8380\" class=\"e-n-accordion-item\" >\n\t\t\t\t<summary class=\"e-n-accordion-item-title\" data-accordion-index=\"1\" tabindex=\"0\" aria-expanded=\"false\" aria-controls=\"e-n-accordion-item-8380\" >\n\t\t\t\t\t<span class='e-n-accordion-item-title-header'><div class=\"e-n-accordion-item-title-text\"> Meine handgefertigten Lavendelkissen sind kleine Wohlf\u00fchlhelfer, die Ruhe und Entspannung in deinen Alltag bringen. Jedes Kissen ist mit getrocknetem, duftendem Lavendel gef\u00fcllt und verstr\u00f6mt einen beruhigenden Duft, der Stress... <\/div><\/span>\n\t\t\t\t\t\t\t\t\t<\/summary>\n\t\t\t\t<div role=\"region\" aria-labelledby=\"e-n-accordion-item-8380\" class=\"elementor-element elementor-element-619c96a e-con-full e-flex e-con e-child\" data-id=\"619c96a\" data-element_type=\"container\" data-e-type=\"container\">\n\t\t\t\t<div class=\"elementor-element elementor-element-5ce876e elementor-widget elementor-widget-text-editor\" data-id=\"5ce876e\" data-element_type=\"widget\" data-e-type=\"widget\" data-widget_type=\"text-editor.default\">\n\t\t\t\t<div class=\"elementor-widget-container\">\n\t\t\t\t\t\t\t\t\t<p>&#8230;lindert und zu erholsamem Schlaf beitr\u00e4gt.<\/p><p>Die Lavendelkissen eignen sich perfekt, um sie in den Kleiderschrank zu legen, auf das Kopfkissen zu platzieren oder einfach in der N\u00e4he aufzubewahren, um den sanften Duft zu genie\u00dfen. Der wohltuende Lavendelduft kann helfen, Anspannung zu l\u00f6sen und die Sinne zu beruhigen \u2013 ideal f\u00fcr Momente der Entspannung und Achtsamkeit.<\/p><p>Jedes Kissen wird mit viel Liebe aus hochwertigen Stoffen gen\u00e4ht und ist ein sch\u00f6nes Geschenk f\u00fcr dich selbst oder einen lieben Menschen. Ob als kleiner Gl\u00fccksbringer, als Einschlafhilfe oder als nat\u00fcrlicher Raumduft \u2013 meine Lavendelkissen sind vielseitig und bringen eine duftende, harmonische Note in dein Zuhause.<\/p>\t\t\t\t\t\t\t\t<\/div>\n\t\t\t\t<\/div>\n\t\t\t\t<\/div>\n\t\t\t\t\t<\/details>\n\t\t\t\t\t<\/div>\n\t\t\t\t\t\t<\/div>\n\t\t\t\t<\/div>\n\t\t\t\t<\/div>\n\t\t<div class=\"elementor-element elementor-element-83b0fe0 e-con-full elementor-hidden-mobile e-flex e-con e-child\" data-id=\"83b0fe0\" data-element_type=\"container\" data-e-type=\"container\">\n\t\t\t\t<div class=\"elementor-element elementor-element-347d204 elementor-widget elementor-widget-heading\" data-id=\"347d204\" data-element_type=\"widget\" data-e-type=\"widget\" data-widget_type=\"heading.default\">\n\t\t\t\t<div class=\"elementor-widget-container\">\n\t\t\t\t\t<h2 class=\"elementor-heading-title elementor-size-default\">Lavendelkissen <\/h2>\t\t\t\t<\/div>\n\t\t\t\t<\/div>\n\t\t\t\t<div class=\"elementor-element elementor-element-8ef5da7 elementor-widget elementor-widget-text-editor\" data-id=\"8ef5da7\" data-element_type=\"widget\" data-e-type=\"widget\" data-widget_type=\"text-editor.default\">\n\t\t\t\t<div class=\"elementor-widget-container\">\n\t\t\t\t\t\t\t\t\t<p>Meine handgefertigten Lavendelkissen sind kleine Wohlf\u00fchlhelfer, die Ruhe und Entspannung in deinen Alltag bringen. Jedes Kissen ist mit getrocknetem, duftendem Lavendel gef\u00fcllt und verstr\u00f6mt einen beruhigenden Duft, der Stress lindert und zu erholsamem Schlaf beitr\u00e4gt.<\/p><p>Die Lavendelkissen eignen sich perfekt, um sie in den Kleiderschrank zu legen, auf das Kopfkissen zu platzieren oder einfach in der N\u00e4he aufzubewahren, um den sanften Duft zu genie\u00dfen. Der wohltuende Lavendelduft kann helfen, Anspannung zu l\u00f6sen und die Sinne zu beruhigen \u2013 ideal f\u00fcr Momente der Entspannung und Achtsamkeit.<\/p><p>Jedes Kissen wird mit viel Liebe aus hochwertigen Stoffen gen\u00e4ht und ist ein sch\u00f6nes Geschenk f\u00fcr dich selbst oder einen lieben Menschen. Ob als kleiner Gl\u00fccksbringer, als Einschlafhilfe oder als nat\u00fcrlicher Raumduft \u2013 meine Lavendelkissen sind vielseitig und bringen eine duftende, harmonische Note in dein Zuhause.<\/p>\t\t\t\t\t\t\t\t<\/div>\n\t\t\t\t<\/div>\n\t\t\t\t<\/div>\n\t\t\t\t\t<\/div>\n\t\t\t\t<\/div>\n\t\t<div class=\"elementor-element elementor-element-19d5b2a8 e-flex e-con-boxed e-con e-parent\" data-id=\"19d5b2a8\" data-element_type=\"container\" data-e-type=\"container\">\n\t\t\t\t\t<div class=\"e-con-inner\">\n\t\t\t\t\t<\/div>\n\t\t\t\t<\/div>\n\t\t\t\t<\/div>\n\t\t","protected":false},"excerpt":{"rendered":"<p>Einzigartige Aroma-Armb\u00e4nder Jedes meiner Aroma-Armb\u00e4nder ist ein Unikat und wird mit viel Sorgfalt und Liebe individuell f\u00fcr dich angefertigt. Ich verwende hochwertige Materialien wie Lavaperlen, Halbedelsteine und nat\u00fcrliche Holzperlen, die nicht nur sch\u00f6n aussehen, sondern auch deine \u00e4therischen \u00d6le perfekt zur Geltung bringen. Die Lavaperlen sind ideale Dufttr\u00e4ger und erlauben es dir, deinen Lieblingsduft den [&hellip;]<\/p>\n","protected":false},"author":1,"featured_media":0,"parent":0,"menu_order":0,"comment_status":"closed","ping_status":"closed","template":"","meta":{"footnotes":""},"class_list":["post-2","page","type-page","status-publish","hentry"],"jetpack_sharing_enabled":true,"_links":{"self":[{"href":"https:\/\/guetiseel.ch\/index.php\/wp-json\/wp\/v2\/pages\/2","targetHints":{"allow":["GET"]}}],"collection":[{"href":"https:\/\/guetiseel.ch\/index.php\/wp-json\/wp\/v2\/pages"}],"about":[{"href":"https:\/\/guetiseel.ch\/index.php\/wp-json\/wp\/v2\/types\/page"}],"author":[{"embeddable":true,"href":"https:\/\/guetiseel.ch\/index.php\/wp-json\/wp\/v2\/users\/1"}],"replies":[{"embeddable":true,"href":"https:\/\/guetiseel.ch\/index.php\/wp-json\/wp\/v2\/comments?post=2"}],"version-history":[{"count":94,"href":"https:\/\/guetiseel.ch\/index.php\/wp-json\/wp\/v2\/pages\/2\/revisions"}],"predecessor-version":[{"id":616,"href":"https:\/\/guetiseel.ch\/index.php\/wp-json\/wp\/v2\/pages\/2\/revisions\/616"}],"wp:attachment":[{"href":"https:\/\/guetiseel.ch\/index.php\/wp-json\/wp\/v2\/media?parent=2"}],"curies":[{"name":"wp","href":"https:\/\/api.w.org\/{rel}","templated":true}]}}